{"id":2057,"date":"2019-01-04T22:59:02","date_gmt":"2019-01-04T21:59:02","guid":{"rendered":"https:\/\/www.european-institute.cz\/?page_id=2057"},"modified":"2019-01-04T22:59:02","modified_gmt":"2019-01-04T21:59:02","slug":"home-zaloha","status":"publish","type":"page","link":"https:\/\/www.european-institute.cz\/en\/home-zaloha\/","title":{"rendered":"home z\u00e1loha"},"content":{"rendered":"<div class=\"vc_row wpb_row vc_row-fluid vc_custom_1542252764397\"><div class=\"wpb_column vc_column_container vc_col-sm-2\"><div class=\"vc_column-inner\"><div class=\"wpb_wrapper\"><\/div><\/div><\/div><div class=\"wpb_column vc_column_container vc_col-sm-8\"><div class=\"vc_column-inner\"><div class=\"wpb_wrapper\">\n\t<div class=\"wpb_text_column wpb_content_element  bbody\" >\n\t\t<div class=\"wpb_wrapper\">\n\t\t\t<p style=\"text-align: center;\">Posledn\u00ed voln\u00e1 m\u00edsta<strong> MBA, MPA, MPH a LL.M<\/strong>. v \u010cR a SR!<br \/>\nUk\u00e1zkov\u00e9 hodiny gr\u00e1tis v Pre\u0161ov\u011b 15.12.2018 ve 14hod., v Bratislav\u011b 15.12.2018 a v Praze 22.12.2018 ve 14hod.<br \/>\n<strong>PR akce SLEVA 30% prodlou\u017een\u00e1 do 31.12.2018!<\/strong><br \/>\nDoporu\u010dte studenta a z\u00edskejte a\u017e <strong>5000 CZK!<\/strong><\/p>\n\n\t\t<\/div>\n\t<\/div>\n<div class=\"mungu-element mungu-button uk-flex uk-flex-center uk-float-center\">\n            <a class=\"uk-button uk-button-default logbtn1\"   href=\"https:\/\/www.european-institute.cz\/en\/pr-akce-posledni-volne-mista\/\"  style=' border: none; border-width: 0px; border-color: transparent; '><span class=\"uk-icon\"><svg width=\"40\" height=\"40\" viewbox=\"0 0 20 20\" xmlns=\"http:\/\/www.w3.org\/2000\/svg\"> <polyline fill=\"none\" stroke=\"#000\" points=\"10 5 15 9.5 10 14\"><\/polyline> <line fill=\"none\" stroke=\"#000\" x1=\"4\" y1=\"9.5\" x2=\"15\" y2=\"9.5\"><\/line><\/svg><\/span>SHOW ACTION<\/a>\n            <\/div><\/div><\/div><\/div><div class=\"wpb_column vc_column_container vc_col-sm-2\"><div class=\"vc_column-inner\"><div class=\"wpb_wrapper\"><\/div><\/div><\/div><\/div><div class=\"vc_row wpb_row vc_row-fluid vc_custom_1542252850127\"><div class=\"wpb_column vc_column_container vc_col-sm-12\"><div class=\"vc_column-inner\"><div class=\"wpb_wrapper\"><div class=\"vc_row wpb_row vc_inner vc_row-fluid\"><div class=\"wpb_column vc_column_container vc_col-sm-3\"><div class=\"vc_column-inner\"><div class=\"wpb_wrapper\"><\/div><\/div><\/div><div class=\"wpb_column vc_column_container vc_col-sm-6\"><div class=\"vc_column-inner\"><div class=\"wpb_wrapper\"><h2 style=\"font-size: 30px;color: #2d7fc7;line-height: 1;text-align: center\" class=\"vc_custom_heading mvb0 dash heading1 vc_custom_1539974755468\" ><a href=\"\">VYBERTE SI Z PROFESN\u00cdCH VZD\u011aL\u00c1VAC\u00cdCH PROGRAM\u016e<\/a><\/h2><\/div><\/div><\/div><div class=\"wpb_column vc_column_container vc_col-sm-3\"><div class=\"vc_column-inner\"><div class=\"wpb_wrapper\"><\/div><\/div><\/div><\/div><div class='nxt-service-icon' data-col='4'>\n                                <div class='swiper-container service-icon pt2' >\n                                    <div class='swiper-wrapper uk-scrollspy'>\n                                        <div class='swiper-slide nxt-feature'>\n                                        <section class='uk-flex uk-flex-center uk-flex-middle'> \n                                            <div class='nxt-services uk-transition-toggle' data-bg-image='https:\/\/www.european-institute.cz\/wp-content\/uploads\/2017\/06\/www.european-institute.cz-3-Promoce-Galerie-MIRO-4.7.2020-Praha-1024x552.jpg'>\n                                                <div class='entry-hover'><\/div>\n                                                <h3 class='p0 text-white'>Master of Science<\/h3>\n                                                <a class='text-white' href='https:\/\/www.european-institute.cz\/en\/service-item\/master-of-science\/' >Zobrazi\u0165 detaily<\/a>\n                                                <div class='uk-transition-fade uk-transition-toggle uk-overlay uk-overlay-secondary uk-position-cover'>\n                                                    <h3 class='text-white uk-transition-fade animation-delay-02 p0 color-title'>Master of Science<\/h3>\n                                                    <a class='text-white uk-transition-fade animation-delay-04 color-title' href='https:\/\/www.european-institute.cz\/en\/service-item\/master-of-science\/' >Zobrazi\u0165 detaily<\/a>\n                                                <\/div>\n                                            <\/div>\n                                        <\/section>\n                                    <\/div><div class='swiper-slide nxt-feature'>\n                                        <section class='uk-flex uk-flex-center uk-flex-middle'> \n                                            <div class='nxt-services uk-transition-toggle' data-bg-image='https:\/\/www.european-institute.cz\/wp-content\/uploads\/2017\/04\/www.european-institute.cz-6-Semafor-Promoce-Stanko-Stefko-Bohbot-1024x683.jpg'>\n                                                <div class='entry-hover'><\/div>\n                                                <h3 class='p0 text-white'>Master of Business Administration<\/h3>\n                                                <a class='text-white' href='https:\/\/www.european-institute.cz\/en\/service-item\/master-of-business-administration\/' >Zobrazi\u0165 detaily<\/a>\n                                                <div class='uk-transition-fade uk-transition-toggle uk-overlay uk-overlay-secondary uk-position-cover'>\n                                                    <h3 class='text-white uk-transition-fade animation-delay-02 p0 color-title'>Master of Business Administration<\/h3>\n                                                    <a class='text-white uk-transition-fade animation-delay-04 color-title' href='https:\/\/www.european-institute.cz\/en\/service-item\/master-of-business-administration\/' >Zobrazi\u0165 detaily<\/a>\n                                                <\/div>\n                                            <\/div>\n                                        <\/section>\n                                    <\/div><div class='swiper-slide nxt-feature'>\n                                        <section class='uk-flex uk-flex-center uk-flex-middle'> \n                                            <div class='nxt-services uk-transition-toggle' data-bg-image='https:\/\/www.european-institute.cz\/wp-content\/uploads\/2017\/04\/1-2-684x385-1.png'>\n                                                <div class='entry-hover'><\/div>\n                                                <h3 class='p0 text-white'>Master of Public Administration<\/h3>\n                                                <a class='text-white' href='https:\/\/www.european-institute.cz\/en\/service-item\/master-of-public-administration\/' >Zobrazi\u0165 detaily<\/a>\n                                                <div class='uk-transition-fade uk-transition-toggle uk-overlay uk-overlay-secondary uk-position-cover'>\n                                                    <h3 class='text-white uk-transition-fade animation-delay-02 p0 color-title'>Master of Public Administration<\/h3>\n                                                    <a class='text-white uk-transition-fade animation-delay-04 color-title' href='https:\/\/www.european-institute.cz\/en\/service-item\/master-of-public-administration\/' >Zobrazi\u0165 detaily<\/a>\n                                                <\/div>\n                                            <\/div>\n                                        <\/section>\n                                    <\/div><div class='swiper-slide nxt-feature'>\n                                        <section class='uk-flex uk-flex-center uk-flex-middle'> \n                                            <div class='nxt-services uk-transition-toggle' data-bg-image='https:\/\/www.european-institute.cz\/wp-content\/uploads\/2017\/04\/www.european-institute.cz-7-Semafor-Promoce-Stanko-Stefko-Bohbot-1024x683.jpg'>\n                                                <div class='entry-hover'><\/div>\n                                                <h3 class='p0 text-white'>Master of Public Health<\/h3>\n                                                <a class='text-white' href='https:\/\/www.european-institute.cz\/en\/service-item\/master-of-public-health\/' >Zobrazi\u0165 detaily<\/a>\n                                                <div class='uk-transition-fade uk-transition-toggle uk-overlay uk-overlay-secondary uk-position-cover'>\n                                                    <h3 class='text-white uk-transition-fade animation-delay-02 p0 color-title'>Master of Public Health<\/h3>\n                                                    <a class='text-white uk-transition-fade animation-delay-04 color-title' href='https:\/\/www.european-institute.cz\/en\/service-item\/master-of-public-health\/' >Zobrazi\u0165 detaily<\/a>\n                                                <\/div>\n                                            <\/div>\n                                        <\/section>\n                                    <\/div><div class='swiper-slide nxt-feature'>\n                                        <section class='uk-flex uk-flex-center uk-flex-middle'> \n                                            <div class='nxt-services uk-transition-toggle' data-bg-image='https:\/\/www.european-institute.cz\/wp-content\/uploads\/2017\/04\/2-2-684x385.png'>\n                                                <div class='entry-hover'><\/div>\n                                                <h3 class='p0 text-white'>Master of Laws<\/h3>\n                                                <a class='text-white' href='https:\/\/www.european-institute.cz\/en\/service-item\/legum-magister-master-of-laws\/' >Zobrazi\u0165 detaily<\/a>\n                                                <div class='uk-transition-fade uk-transition-toggle uk-overlay uk-overlay-secondary uk-position-cover'>\n                                                    <h3 class='text-white uk-transition-fade animation-delay-02 p0 color-title'>Master of Laws<\/h3>\n                                                    <a class='text-white uk-transition-fade animation-delay-04 color-title' href='https:\/\/www.european-institute.cz\/en\/service-item\/legum-magister-master-of-laws\/' >Zobrazi\u0165 detaily<\/a>\n                                                <\/div>\n                                            <\/div>\n                                        <\/section>\n                                    <\/div><div class='swiper-slide nxt-feature'>\n                                        <section class='uk-flex uk-flex-center uk-flex-middle'> \n                                            <div class='nxt-services uk-transition-toggle' data-bg-image='https:\/\/www.european-institute.cz\/wp-content\/uploads\/2017\/04\/ITXS3v7QXmWjWQkmzqkdg-e1527585063886-768x1024-768x1024.jpg'>\n                                                <div class='entry-hover'><\/div>\n                                                <h3 class='p0 text-white'>European Institute Vysok\u00e1 \u0161kola<\/h3>\n                                                <a class='text-white' href='https:\/\/www.european-institute.cz\/en\/service-item\/vysoka-skola\/' >Zobrazi\u0165 detaily<\/a>\n                                                <div class='uk-transition-fade uk-transition-toggle uk-overlay uk-overlay-secondary uk-position-cover'>\n                                                    <h3 class='text-white uk-transition-fade animation-delay-02 p0 color-title'>European Institute Vysok\u00e1 \u0161kola<\/h3>\n                                                    <a class='text-white uk-transition-fade animation-delay-04 color-title' href='https:\/\/www.european-institute.cz\/en\/service-item\/vysoka-skola\/' >Zobrazi\u0165 detaily<\/a>\n                                                <\/div>\n                                            <\/div>\n                                        <\/section>\n                                    <\/div>\n                                    <\/div>\n                                    <div class='arrow swiper-button-prev uk-icon' data-uk-icon='icon: arrow-left; ratio: 2' ><\/div>\n                              <div class='arrow swiper-button-next uk-icon' data-uk-icon='icon: arrow-right; ratio: 2'><\/div>\n                                    \n                                <\/div>\n                            <\/div><\/div><\/div><\/div><\/div><div data-vc-full-width=\"true\" data-vc-full-width-init=\"false\" class=\"vc_row wpb_row vc_row-fluid vc_custom_1544711797785 vc_row-has-fill vc_row-o-content-middle vc_row-flex\"><div class=\"wpb_column vc_column_container vc_col-sm-6\"><div class=\"vc_column-inner\"><div class=\"wpb_wrapper\"><\/div><\/div><\/div><div class=\"wpb_column vc_column_container vc_col-sm-6\"><div class=\"vc_column-inner\"><div class=\"wpb_wrapper\"><h2 style=\"font-size: 30px;text-align: left\" class=\"vc_custom_heading dash\" ><a href=\"\">About us<\/a><\/h2>\n\t<div class=\"wpb_text_column wpb_content_element\" >\n\t\t<div class=\"wpb_wrapper\">\n\t\t\t<p><strong>EUROPEAN INSTITUTE OF BUSINESS AND PUBLIC EDUCATION<\/strong>\u00a0je p\u0159edn\u00ed vzd\u011bl\u00e1vac\u00ed instituce v oblasti korpor\u00e1tn\u00edho pr\u00e1va, ekonomick\u00e9ho managementu, bezpe\u010dnostn\u00edho a krizov\u00e9ho managementu.<\/p>\n\n\t\t<\/div>\n\t<\/div>\n<div class=\"vc_row wpb_row vc_inner vc_row-fluid vc_custom_1491531700505\"><div class=\"wpb_column vc_column_container vc_col-sm-12 vc_hidden-sm\"><div class=\"vc_column-inner\"><div class=\"wpb_wrapper\">\n            <div class='mungu-element mungu-element-counter uk-scrollspy uk-text-left uk-grid-small uk-grid-match uk-grid uk-child-width-expand@s style2'>\n                \n                        <div class='uk-card uk-card-default uk-card-hover uk-card-body'>\n                            \n                            <h3 class='uk-card-title uk-flex uk-flex-top'><span class='letter'><\/span><span class='counter'>6<\/span><span class='letter'><\/span><\/h3>\n                            <span class='counterdecs'>let p\u016fsoben\u00ed na trhu<\/span>\n                        <\/div>\n                        <div class='uk-card uk-card-default uk-card-hover uk-card-body'>\n                            \n                            <h3 class='uk-card-title uk-flex uk-flex-top'><span class='letter'><\/span><span class='counter'>858<\/span><span class='letter'><\/span><\/h3>\n                            <span class='counterdecs'>Realizovan\u00fdch semin\u00e1\u0159\u016f<\/span>\n                        <\/div>\n                        <div class='uk-card uk-card-default uk-card-hover uk-card-body'>\n                            \n                            <h3 class='uk-card-title uk-flex uk-flex-top'><span class='letter'><\/span><span class='counter'>99<\/span><span class='letter'>%<\/span><\/h3>\n                            <span class='counterdecs'>Spokojenost s n\u00e1mi<\/span>\n                        <\/div>\n            <\/div><\/div><\/div><\/div><\/div><\/div><\/div><\/div><\/div><div class=\"vc_row-full-width vc_clearfix\"><\/div><div class=\"vc_row wpb_row vc_row-fluid vc_custom_1540054646027\"><div class=\"wpb_column vc_column_container vc_col-sm-12\"><div class=\"vc_column-inner\"><div class=\"wpb_wrapper\"><h2 style=\"font-size: 30px;color: #2d7fc7;line-height: 1;text-align: center\" class=\"vc_custom_heading mvb0 dash heading1 vc_custom_1542235635673\" ><a href=\"\">Pro\u010d studovat u n\u00e1s?<\/a><\/h2><\/div><\/div><\/div><\/div><div class=\"vc_row wpb_row vc_row-fluid vc_custom_1511488263368 vc_row-o-content-middle vc_row-flex\"><div class=\"wpb_column vc_column_container vc_col-sm-6\"><div class=\"vc_column-inner\"><div class=\"wpb_wrapper\"><ul class='mungu-element accordion-vc uk-accordion'>\n            <li>\n                <h3 class='uk-accordion-title'>Cenov\u00e1 dostupnost<\/h3>\n                <div class='uk-accordion-content'>\n                    <p>Modern\u00ed a vysoce kvalitn\u00ed studia mus\u00ed st\u00e1t spoustu pen\u011bz!\nD\u00edky kvalitn\u00edmu vzd\u011bl\u00e1n\u00ed m\u016f\u017eete dos\u00e1hnout co si p\u0159ejete a splnit si sny!\n\nV mnoha (zejm\u00e9na mezin\u00e1rodn\u00edch) spole\u010dnostech titul MBA, MPA nebo LL.M. se pova\u017euj\u00ed za p\u0159edpoklad pro kari\u00e9rn\u00ed r\u016fst a dosa\u017een\u00ed vy\u0161\u0161\u00ed \u0159\u00edd\u00edc\u00ed funkce. Studium ve vzd\u011bl\u00e1vac\u00edch programech EUI je pro ty, kte\u0159\u00ed cht\u011bj\u00ed dr\u017eet krok s nejnov\u011bj\u0161\u00edmi trendy v pr\u016fmyslu, zv\u00fd\u0161it sv\u016fj osobn\u00ed potenci\u00e1l pro dosa\u017een\u00ed v\u011bt\u0161\u00edho kari\u00e9rn\u00edho r\u016fstu, z\u00edskat lukrativn\u011bj\u0161\u00ed pracovn\u00ed pozici nebo m\u00edsto.<\/p>\n                <\/div>\n            <\/li>\n            <li>\n                <h3 class='uk-accordion-title'>\u017d\u00e1dn\u00fd poplatek za pod\u00e1n\u00ed \u017e\u00e1dosti<\/h3>\n                <div class='uk-accordion-content'>\n                    <p>Za pod\u00e1n\u00ed neplat\u00edte \u017e\u00e1dn\u00fd poplatek, jak je to na n\u011bkter\u00fdch vysok\u00fdch \u0161kol\u00e1ch, po p\u0159ijet\u00ed ke studiu se rozhodnete, zda za\u010dnete studovat nebo ne.<\/p>\n                <\/div>\n            <\/li>\n            <li>\n                <h3 class='uk-accordion-title'>Studentsk\u00fd servis<\/h3>\n                <div class='uk-accordion-content'>\n                    <p>Studium na EUROPEAN INSTITUTE je cenov\u011b dostupn\u00e9, nav\u00edc studijn\u00ed program je mo\u017en\u00e9 zaplatit na 6 spl\u00e1tek. Studium nav\u00edc nab\u00edz\u00ed tak\u00e9 mno\u017estv\u00ed bonus\u016f, jako\u017e i spolupr\u00e1ci s absolventy. N\u00e1klady na studium jsou obecn\u011b da\u0148ov\u011b ode\u010ditateln\u00e9.<\/p>\n                <\/div>\n            <\/li>\n            <li>\n                <h3 class='uk-accordion-title'>Mo\u017enost za\u010d\u00edt studovat a\u017e 4 kr\u00e1t za rok<\/h3>\n                <div class='uk-accordion-content'>\n                    <p>Studium na EUROPEAN INSTITUTE otev\u00edr\u00e1me \u010dty\u0159ikr\u00e1t ro\u010dn\u011b. P\u0159ihl\u00e1sit se m\u016f\u017eete v b\u0159eznu, \u010dervnu, z\u00e1\u0159\u00ed a prosinci.<\/p>\n                <\/div>\n            <\/li>\n            <li>\n                <h3 class='uk-accordion-title'>Modern\u00ed e-learningov\u00fd syst\u00e9m<\/h3>\n                <div class='uk-accordion-content'>\n                    <p>Programy jsou dostupn\u00e9 hlavn\u011b prost\u0159ednictv\u00edm modern\u00edho e-learningu. Ka\u017ed\u00fd student si vyb\u00edr\u00e1 kdy a kde chce studovat. V\u00fduka je v \u010de\u0161tin\u011b, sloven\u0161tin\u011b a srb\u0161tin\u011b (mo\u017enost studovat i v angli\u010dtin\u011b a ru\u0161tin\u011b). V r\u00e1mci e-learningu m\u00e1 student p\u0159\u00edstup k okruhu t\u00e9mat ze kter\u00fdch si m\u016f\u017ee b\u011bhem semestru vybrat. Tak\u00e9 m\u00e1 p\u0159\u00edstup k t\u00e9mat\u016fm z\u00e1v\u011bre\u010dn\u00fdch prac\u00ed. V e-learningu jsou uvedeny d\u016fle\u017eit\u00e9 data, kter\u00e9 nem\u016f\u017ee prome\u0161kat.<\/p>\n                <\/div>\n            <\/li><\/ul><\/div><\/div><\/div><div class=\"wpb_column vc_column_container vc_col-sm-6\"><div class=\"vc_column-inner vc_custom_1491463475997\"><div class=\"wpb_wrapper\"><ul class='mungu-element accordion-vc uk-accordion'>\n            <li>\n                <h3 class='uk-accordion-title'>Spolupr\u00e1ce s p\u0159edn\u00edmi specialisty z oboru<\/h3>\n                <div class='uk-accordion-content'>\n                    <p>Vyu\u010dov\u00e1n\u00ed se uskute\u010d\u0148uje prost\u0159ednictv\u00edm akademik\u016f a praktick\u00fdch pracovn\u00edk\u016f, kte\u0159\u00ed jsou tak\u00e9 k dispozici pro individu\u00e1ln\u00ed konzultace. Proto\u017ee ka\u017edy z na\u0161ich student\u016f pracuje v jin\u00e9 oblasti, tak se na\u0161i lekto\u0159i sna\u017e\u00ed rozeb\u00edrat problematiku z v\u00edce \u00fahl\u016f pohledu, aby student\u016fm odpov\u00eddaly na jejich ot\u00e1zky a na\u010drtli jim \u0159e\u0161en\u00ed z praxe. Ka\u017edou semin\u00e1rn\u00ed pr\u00e1ci student konzultuje z lektorem.<\/p>\n                <\/div>\n            <\/li>\n            <li>\n                <h3 class='uk-accordion-title'>\u010casov\u011b flexibiln\u00ed studium<\/h3>\n                <div class='uk-accordion-content'>\n                    <p>Pr\u016fm\u011brn\u00e1 d\u00e9lka programu je 2 semestry. Pro ka\u017ed\u00fd modul se nach\u00e1z\u00ed e-learningov\u00fd kurz a v\u00fdukov\u00fd program. V\u00fdstupem ka\u017ed\u00e9ho jednotliv\u00e9ho modulu (kurzu) je semin\u00e1rn\u00ed pr\u00e1ce, ve kter\u00e9 studenti aplikuj\u00ed poznatky z\u00edskan\u00e9 p\u0159\u00edmo do praxe. Vyvrcholen\u00ed studia a podm\u00ednka z\u00edsk\u00e1n\u00ed MBA, MPA, MPH nebo LL.M. je diplomov\u00e1 pr\u00e1ce a jej\u00ed obhajoba p\u0159ed studijn\u00ed komis\u00ed.<\/p>\n                <\/div>\n            <\/li>\n            <li>\n                <h3 class='uk-accordion-title'>Individu\u00e1ln\u00ed kurzy s instruktory k dispozici<\/h3>\n                <div class='uk-accordion-content'>\n                    <p>Na\u0161i lekto\u0159i se sna\u017e\u00ed rozeb\u00edrat problematiku z v\u00edce \u00fahl\u016f pohledu, aby student\u016fm odpov\u00eddaly na jejich ot\u00e1zky a na\u010drtli jim \u0159e\u0161en\u00ed z praxe. Lekto\u0159i v r\u00e1mci v\u00fduky vyu\u010duje teorii v kooperaci s praktick\u00fdmi zku\u0161enostmi z re\u00e1ln\u00fdch situac\u00ed a t\u00edmto modern\u00edm zp\u016fsobem maj\u00ed mo\u017enost studenti pokro\u010dit v oblastech kde pracuj\u00ed a roz\u0161i\u0159uj\u00ed si sv\u00e9 obzory.<\/p>\n                <\/div>\n            <\/li>\n            <li>\n                <h3 class='uk-accordion-title'>D\u00e1rky a bonusy na studium <\/h3>\n                <div class='uk-accordion-content'>\n                    <p>V\u0161ichni studenti dost\u00e1vaj\u00ed tablety, jsou tak\u00e9 zapojeni do slosov\u00e1n\u00ed o pobyt na z\u00e1mku Hrub\u00e1 sk\u00e1la ****, v\u0161ichni studenti dost\u00e1vaj\u00ed odbornou tisk.<\/p>\n                <\/div>\n            <\/li>\n            <li>\n                <h3 class='uk-accordion-title'>Mo\u017enost studovat v 5 r\u016fzn\u00fdch jazyc\u00edch<\/h3>\n                <div class='uk-accordion-content'>\n                    <p>V\u00fduka na EUROPEAN INSTITUTE je v slovensk\u00e9m, \u010desk\u00e9m a srbsk\u00e9m (pro zahrani\u010dn\u00ed studenty i v angli\u010dtin\u011b a ru\u0161tin\u011b). Studium prob\u00edh\u00e1 modern\u00ed formou v kombinaci s e-learningem a konzultacemi s odborn\u00edky z praxe.<\/p>\n                <\/div>\n            <\/li><\/ul><\/div><\/div><\/div><\/div><div class=\"vc_row wpb_row vc_row-fluid vc_custom_1511488263368 vc_row-o-content-middle vc_row-flex\"><div class=\"wpb_column vc_column_container vc_col-sm-6\"><div class=\"vc_column-inner\"><div class=\"wpb_wrapper\"><div class=\"vc_row wpb_row vc_inner vc_row-fluid\"><div class=\"wpb_column vc_column_container vc_col-sm-6\"><div class=\"vc_column-inner\"><div class=\"wpb_wrapper\"><div class='mungu-element uk-scrollspy icon-box uk-card uk-box-shadow-medium uk-card-hover   uk-text-center'>\n                 <a href='#'>\n                     <div class='uk-card-body'>\n                        \n                        <div><i class='fa fa-smile-o' style='font-size: 42px;'><\/i><\/div>\n                        <h3>Presti\u017en\u00ed akreditace<\/h3>\n                    \n                    <\/div>\n                <\/a>\n            <\/div><\/div><\/div><\/div><div class=\"wpb_column vc_column_container vc_col-sm-6\"><div class=\"vc_column-inner\"><div class=\"wpb_wrapper\"><div class='mungu-element uk-scrollspy icon-box uk-card uk-box-shadow-medium uk-card-hover   uk-text-center'>\n                 <a href='#'>\n                     <div class='uk-card-body'>\n                        \n                        <div><i class='fa fa-coffee' style='font-size: 42px;'><\/i><\/div>\n                        <h3>Ob\u010derstven\u00ed zdarma<\/h3>\n                    \n                    <\/div>\n                <\/a>\n            <\/div><\/div><\/div><\/div><\/div><div class=\"vc_row wpb_row vc_inner vc_row-fluid vc_custom_1491462582699\"><div class=\"wpb_column vc_column_container vc_col-sm-6\"><div class=\"vc_column-inner\"><div class=\"wpb_wrapper\"><div class='mungu-element uk-scrollspy icon-box uk-card uk-box-shadow-medium uk-card-hover   uk-text-center'>\n                 <a href='#'>\n                     <div class='uk-card-body'>\n                        \n                        <div><i class='fa fa-gift' style='font-size: 42px;'><\/i><\/div>\n                        <h3>D\u00e1rek ke studiu<\/h3>\n                    \n                    <\/div>\n                <\/a>\n            <\/div><\/div><\/div><\/div><div class=\"wpb_column vc_column_container vc_col-sm-6\"><div class=\"vc_column-inner\"><div class=\"wpb_wrapper\"><div class='mungu-element uk-scrollspy icon-box uk-card uk-box-shadow-medium uk-card-hover hahah  uk-text-center'>\n                 <a href='#'>\n                     <div class='uk-card-body'>\n                        \n                        <div><i class='fa fa-rocket' style='font-size: 42px;'><\/i><\/div>\n                        <h3>\u00dasp\u011b\u0161n\u00e1 budoucnost<\/h3>\n                    \n                    <\/div>\n                <\/a>\n            <\/div><\/div><\/div><\/div><\/div><\/div><\/div><\/div><div class=\"wpb_column vc_column_container vc_col-sm-6\"><div class=\"vc_column-inner vc_custom_1491463475997\"><div class=\"wpb_wrapper\"><div class=\"vc_row wpb_row vc_inner vc_row-fluid\"><div class=\"wpb_column vc_column_container vc_col-sm-12\"><div class=\"vc_column-inner vc_custom_1491463441013\"><div class=\"wpb_wrapper\"><h2 style=\"font-size: 24px;color: #ff5e00;line-height: 34px;text-align: center\" class=\"vc_custom_heading no-decoration underline\" ><a href=\"https:\/\/www.european-institute.cz\/en\/prihlaska-ke-studiu\/\">Z\u00edskejte slevu vypln\u011bn\u00edm<br \/>\np\u0159ihl\u00e1\u0161ky je\u0161t\u011b dnes!<\/a><\/h2><\/div><\/div><\/div><\/div><div class=\"vc_row wpb_row vc_inner vc_row-fluid\"><div class=\"wpb_column vc_column_container vc_col-sm-6\"><div class=\"vc_column-inner\"><div class=\"wpb_wrapper\"><div class=\"mungu-element mungu-button uk-flex uk-flex-center uk-float-center\">\n            <a class=\"uk-button uk-button-default logbtn1\"   href=\"https:\/\/www.european-institute.cz\/en\/domu\/o-nas\/\"  style=' border: none; border-width: 0px; border-color: transparent; '><span class=\"uk-icon\"><svg width=\"40\" height=\"40\" viewbox=\"0 0 20 20\" xmlns=\"http:\/\/www.w3.org\/2000\/svg\"> <polyline fill=\"none\" stroke=\"#000\" points=\"10 5 15 9.5 10 14\"><\/polyline> <line fill=\"none\" stroke=\"#000\" x1=\"4\" y1=\"9.5\" x2=\"15\" y2=\"9.5\"><\/line><\/svg><\/span>Zjistit v\u00edce<\/a>\n            <\/div><\/div><\/div><\/div><div class=\"wpb_column vc_column_container vc_col-sm-6\"><div class=\"vc_column-inner\"><div class=\"wpb_wrapper\"><div class=\"mungu-element mungu-button uk-flex uk-flex-center uk-float-center\">\n            <a class=\"uk-button uk-button-default logbtn2\"   href=\"https:\/\/www.european-institute.cz\/en\/kontakt\/\"  style='background-color: #36536c; border: none; border-width: 0px; border-color: transparent; '><span class=\"uk-icon\"><svg width=\"40\" height=\"40\" viewbox=\"0 0 20 20\" xmlns=\"http:\/\/www.w3.org\/2000\/svg\"> <polyline fill=\"none\" stroke=\"#000\" points=\"10 5 15 9.5 10 14\"><\/polyline> <line fill=\"none\" stroke=\"#000\" x1=\"4\" y1=\"9.5\" x2=\"15\" y2=\"9.5\"><\/line><\/svg><\/span>Napi\u0161te n\u00e1m<\/a>\n            <\/div><\/div><\/div><\/div><\/div><\/div><\/div><\/div><\/div><div data-vc-full-width=\"true\" data-vc-full-width-init=\"false\" class=\"vc_row wpb_row vc_row-fluid vc_custom_1510279650589 vc_row-has-fill\"><div class=\"wpb_column vc_column_container vc_col-sm-3\"><div class=\"vc_column-inner vc_custom_1491199747510\"><div class=\"wpb_wrapper\"><h2 style=\"font-size: 30px;color: #171620;text-align: left\" class=\"vc_custom_heading vc_custom_1542245271820\" >Na\u0161i absolventi<\/h2>\n\t<div class=\"wpb_video_widget wpb_content_element vc_clearfix   vc_video-aspect-ratio-169 vc_video-el-width-100 vc_video-align-center\" >\n\t\t<div class=\"wpb_wrapper\">\n\t\t\t\n\t\t\t<div class=\"wpb_video_wrapper\"><iframe loading=\"lazy\" src=\"https:\/\/player.vimeo.com\/video\/300886412?app_id=122963\" width=\"940\" height=\"529\" frameborder=\"0\" title=\"EUROPEAN INSTITUTE - LLM\" allow=\"autoplay; fullscreen\" allowfullscreen><\/iframe><\/div>\n\t\t<\/div>\n\t<\/div>\n<div class=\"mungu-element mungu-button uk-flex uk-flex-left uk-float-left\">\n            <a class=\"uk-button uk-button-default color-brand-bg\"   href=\"https:\/\/www.european-institute.cz\/en\/prihlaska-ke-studiu\/\"  style=' border: none; border-width: 0px; border-color: transparent; '><span class=\"uk-icon\"><svg width=\"40\" height=\"40\" viewbox=\"0 0 20 20\" xmlns=\"http:\/\/www.w3.org\/2000\/svg\"> <polyline fill=\"none\" stroke=\"#000\" points=\"10 5 15 9.5 10 14\"><\/polyline> <line fill=\"none\" stroke=\"#000\" x1=\"4\" y1=\"9.5\" x2=\"15\" y2=\"9.5\"><\/line><\/svg><\/span>Chci studovat<\/a>\n            <\/div><\/div><\/div><\/div><div class=\"wpb_column vc_column_container vc_col-sm-9\"><div class=\"vc_column-inner\"><div class=\"wpb_wrapper\">There is no <i>testimonials<\/i> posts. Please instert your posts in <i>testimonials<\/i> post type or select different post type.<\/div><\/div><\/div><\/div><div class=\"vc_row-full-width vc_clearfix\"><\/div><div class=\"vc_row wpb_row vc_row-fluid vc_custom_1542227428801\"><div class=\"wpb_column vc_column_container vc_col-sm-12\"><div class=\"vc_column-inner\"><div class=\"wpb_wrapper\"><h2 style=\"font-size: 30px;color: #2d7fc7;line-height: 1;text-align: center\" class=\"vc_custom_heading mvb0 dash heading1 vc_custom_1540038124822\" ><a href=\"\">\u010cl\u00e1nky EUROPEAN INSTITUTE<\/a><\/h2><div class=\"mungu-element mungu-element-blog uk-scrollspy\"><div class=\"uk-scrollspy uk-grid   mungu-blog-col4\"><div class=\"post uk-grid-margin uk-width-1-4@m\"><div class=\"uk-inline-clip uk-transition-toggle uk-light\"><div class='entry-media'><a href='https:\/\/www.european-institute.cz\/en\/zemrel-bezpecnostni-expert-a-nas-kolega-david-bohbot\/' class=''><div class='themeton-image' data-src='https:\/\/www.european-institute.cz\/wp-content\/uploads\/2025\/12\/WhatsApp-Image-2025-12-22-at-15.02.44-e1766412262940.jpeg'><img src='https:\/\/www.european-institute.cz\/wp-content\/themes\/nobrain\/images\/dim\/2x1.png' alt='Ratio'\/><div class=\"overlay uk-transition-toggle uk-light\"><div class=\"uk-position-center\"><span class=\"uk-animation-slide-bottom-small text-white uk-icon\">\n            <svg xmlns=\"http:\/\/www.w3.org\/2000\/svg\" width=\"40\" height=\"40\" viewbox=\"0 0 20 20\">\n                <path fill=\"none\" stroke=\"#000\" stroke-width=\"1.1\" d=\"M10.625,12.375 L7.525,15.475 C6.825,16.175 5.925,16.175 5.225,15.475 L4.525,14.775 C3.825,14.074 3.825,13.175 4.525,12.475 L7.625,9.375\"><\/path> <path fill=\"none\" stroke=\"#000\" stroke-width=\"1.1\" d=\"M9.325,7.375 L12.425,4.275 C13.125,3.575 14.025,3.575 14.724,4.275 L15.425,4.975 C16.125,5.675 16.125,6.575 15.425,7.275 L12.325,10.375\"><\/path>\n                <path fill=\"none\" stroke=\"#000\" stroke-width=\"1.1\" d=\"M7.925,11.875 L11.925,7.975\"><\/path>\n            <\/svg>\n        <\/span><\/div><\/div><\/div><\/a><\/div><\/div><div class=\"blog-date\"><span><a href=\"https:\/\/www.european-institute.cz\/en\/author\/studijni\/\">EUROPEAN INSTITUTE<\/a><\/span> &nbsp; &nbsp;| &nbsp; &nbsp;<span><a href=\"https:\/\/www.european-institute.cz\/en\/zemrel-bezpecnostni-expert-a-nas-kolega-david-bohbot\/\">22. 12. 2025<\/a><\/span><\/div><h3><a href=\"https:\/\/www.european-institute.cz\/en\/zemrel-bezpecnostni-expert-a-nas-kolega-david-bohbot\/\">Zem\u0159el bezpe\u010dnostn\u00ed expert a n\u00e1\u0161 kolega David Bohbot<\/a><\/h3><\/div><div class=\"post uk-grid-margin uk-width-1-4@m\"><div class=\"uk-inline-clip uk-transition-toggle uk-light\"><div class='entry-media'><a href='https:\/\/www.european-institute.cz\/en\/oslava-zalozeni-samostatne-ceskoslovenske-republiky-107-vyroci-28-10-2025-29-10-2025\/' class=''><div class='themeton-image' data-src='https:\/\/www.european-institute.cz\/wp-content\/uploads\/2025\/11\/IMG-20251030-WA0032.jpg'><img src='https:\/\/www.european-institute.cz\/wp-content\/themes\/nobrain\/images\/dim\/2x1.png' alt='Ratio'\/><div class=\"overlay uk-transition-toggle uk-light\"><div class=\"uk-position-center\"><span class=\"uk-animation-slide-bottom-small text-white uk-icon\">\n            <svg xmlns=\"http:\/\/www.w3.org\/2000\/svg\" width=\"40\" height=\"40\" viewbox=\"0 0 20 20\">\n                <path fill=\"none\" stroke=\"#000\" stroke-width=\"1.1\" d=\"M10.625,12.375 L7.525,15.475 C6.825,16.175 5.925,16.175 5.225,15.475 L4.525,14.775 C3.825,14.074 3.825,13.175 4.525,12.475 L7.625,9.375\"><\/path> <path fill=\"none\" stroke=\"#000\" stroke-width=\"1.1\" d=\"M9.325,7.375 L12.425,4.275 C13.125,3.575 14.025,3.575 14.724,4.275 L15.425,4.975 C16.125,5.675 16.125,6.575 15.425,7.275 L12.325,10.375\"><\/path>\n                <path fill=\"none\" stroke=\"#000\" stroke-width=\"1.1\" d=\"M7.925,11.875 L11.925,7.975\"><\/path>\n            <\/svg>\n        <\/span><\/div><\/div><\/div><\/a><\/div><\/div><div class=\"blog-date\"><span><a href=\"https:\/\/www.european-institute.cz\/en\/author\/studijni\/\">EUROPEAN INSTITUTE<\/a><\/span> &nbsp; &nbsp;| &nbsp; &nbsp;<span><a href=\"https:\/\/www.european-institute.cz\/en\/oslava-zalozeni-samostatne-ceskoslovenske-republiky-107-vyroci-28-10-2025-29-10-2025\/\">1. 12. 2025<\/a><\/span><\/div><h3><a href=\"https:\/\/www.european-institute.cz\/en\/oslava-zalozeni-samostatne-ceskoslovenske-republiky-107-vyroci-28-10-2025-29-10-2025\/\">OSLAVA ZALO\u017dEN\u00cd SAMOSTATN\u00c9 \u010cESKOSLOVENSK\u00c9 REPUBLIKY \u2013 107. V\u00ddRO\u010c\u00cd  28.10.2025 \u2013 29.10.2025<\/a><\/h3><\/div><div class=\"post uk-grid-margin uk-width-1-4@m\"><div class=\"uk-inline-clip uk-transition-toggle uk-light\"><div class='entry-media'><a href='https:\/\/www.european-institute.cz\/en\/maliri-z-kovacice-navstivili-velvyslanectvi-srbske-republiky\/' class=''><div class='themeton-image' data-src='https:\/\/www.european-institute.cz\/wp-content\/uploads\/2025\/06\/foto-1-1.jpg'><img src='https:\/\/www.european-institute.cz\/wp-content\/themes\/nobrain\/images\/dim\/2x1.png' alt='Ratio'\/><div class=\"overlay uk-transition-toggle uk-light\"><div class=\"uk-position-center\"><span class=\"uk-animation-slide-bottom-small text-white uk-icon\">\n            <svg xmlns=\"http:\/\/www.w3.org\/2000\/svg\" width=\"40\" height=\"40\" viewbox=\"0 0 20 20\">\n                <path fill=\"none\" stroke=\"#000\" stroke-width=\"1.1\" d=\"M10.625,12.375 L7.525,15.475 C6.825,16.175 5.925,16.175 5.225,15.475 L4.525,14.775 C3.825,14.074 3.825,13.175 4.525,12.475 L7.625,9.375\"><\/path> <path fill=\"none\" stroke=\"#000\" stroke-width=\"1.1\" d=\"M9.325,7.375 L12.425,4.275 C13.125,3.575 14.025,3.575 14.724,4.275 L15.425,4.975 C16.125,5.675 16.125,6.575 15.425,7.275 L12.325,10.375\"><\/path>\n                <path fill=\"none\" stroke=\"#000\" stroke-width=\"1.1\" d=\"M7.925,11.875 L11.925,7.975\"><\/path>\n            <\/svg>\n        <\/span><\/div><\/div><\/div><\/a><\/div><\/div><div class=\"blog-date\"><span><a href=\"https:\/\/www.european-institute.cz\/en\/author\/studijni\/\">EUROPEAN INSTITUTE<\/a><\/span> &nbsp; &nbsp;| &nbsp; &nbsp;<span><a href=\"https:\/\/www.european-institute.cz\/en\/maliri-z-kovacice-navstivili-velvyslanectvi-srbske-republiky\/\">19. 6. 2025<\/a><\/span><\/div><h3><a href=\"https:\/\/www.european-institute.cz\/en\/maliri-z-kovacice-navstivili-velvyslanectvi-srbske-republiky\/\">Mal\u00ed\u0159i z Kova\u010dice nav\u0161t\u00edvili Velvyslanectv\u00ed Srbsk\u00e9 republiky<\/a><\/h3><\/div><div class=\"post uk-grid-margin uk-width-1-4@m\"><div class=\"uk-inline-clip uk-transition-toggle uk-light\"><div class='entry-media'><a href='https:\/\/www.european-institute.cz\/en\/european-institute-se-zucastnil-konference-aktivni-cesko\/' class=''><div class='themeton-image' data-src='https:\/\/www.european-institute.cz\/wp-content\/uploads\/2017\/06\/LUK_3788.jpg'><img src='https:\/\/www.european-institute.cz\/wp-content\/themes\/nobrain\/images\/dim\/2x1.png' alt='Ratio'\/><div class=\"overlay uk-transition-toggle uk-light\"><div class=\"uk-position-center\"><span class=\"uk-animation-slide-bottom-small text-white uk-icon\">\n            <svg xmlns=\"http:\/\/www.w3.org\/2000\/svg\" width=\"40\" height=\"40\" viewbox=\"0 0 20 20\">\n                <path fill=\"none\" stroke=\"#000\" stroke-width=\"1.1\" d=\"M10.625,12.375 L7.525,15.475 C6.825,16.175 5.925,16.175 5.225,15.475 L4.525,14.775 C3.825,14.074 3.825,13.175 4.525,12.475 L7.625,9.375\"><\/path> <path fill=\"none\" stroke=\"#000\" stroke-width=\"1.1\" d=\"M9.325,7.375 L12.425,4.275 C13.125,3.575 14.025,3.575 14.724,4.275 L15.425,4.975 C16.125,5.675 16.125,6.575 15.425,7.275 L12.325,10.375\"><\/path>\n                <path fill=\"none\" stroke=\"#000\" stroke-width=\"1.1\" d=\"M7.925,11.875 L11.925,7.975\"><\/path>\n            <\/svg>\n        <\/span><\/div><\/div><\/div><\/a><\/div><\/div><div class=\"blog-date\"><span><a href=\"https:\/\/www.european-institute.cz\/en\/author\/studijni\/\">EUROPEAN INSTITUTE<\/a><\/span> &nbsp; &nbsp;| &nbsp; &nbsp;<span><a href=\"https:\/\/www.european-institute.cz\/en\/european-institute-se-zucastnil-konference-aktivni-cesko\/\">16. 5. 2024<\/a><\/span><\/div><h3><a href=\"https:\/\/www.european-institute.cz\/en\/european-institute-se-zucastnil-konference-aktivni-cesko\/\">EUROPEAN INSTITUTE se z\u00fa\u010dastnil Konference Aktivn\u00ed \u010cesko<\/a><\/h3><\/div><\/div><\/div><!-- end .mungu-element\/blog --><div class=\"mungu-element mungu-button uk-flex uk-flex-center uk-float-center\">\n            <a class=\"uk-button uk-button-default\"   href=\"https:\/\/www.european-institute.cz\/en\/novinky\/\"  style=' border: none; border-width: 0px; border-color: transparent; '><span class=\"uk-icon\"><svg width=\"40\" height=\"40\" viewbox=\"0 0 20 20\" xmlns=\"http:\/\/www.w3.org\/2000\/svg\"> <polyline fill=\"none\" stroke=\"#000\" points=\"10 5 15 9.5 10 14\"><\/polyline> <line fill=\"none\" stroke=\"#000\" x1=\"4\" y1=\"9.5\" x2=\"15\" y2=\"9.5\"><\/line><\/svg><\/span>Zobrazit v\u0161echny<\/a>\n            <\/div><\/div><\/div><\/div><\/div>","protected":false},"excerpt":{"rendered":"EUROPEAN INSTITUTE se z\u00fa\u010dastnil prvn\u00ed v\u00fdro\u010dn\u00ed konference Nada\u010dn\u00edho fondu Aktivn\u00ed \u010cesko, kter\u00e1 byla host\u011bna Sen\u00e1tem \u010cesk\u00e9 republiky dne 15.05.2024 Program konference byl rozd\u011blen do p\u011bti blok\u016f v\u011bnovan\u00fdch podpor\u00e1m pohybov\u00fdch aktivit a p\u0159\u00edklad\u016fm dobr\u00e9 praxe z \u010ceska i zahrani\u010d\u00ed. V\u00fdstupem z ...","protected":false},"author":1,"featured_media":0,"parent":0,"menu_order":0,"comment_status":"closed","ping_status":"closed","template":"","meta":{"footnotes":""},"class_list":["post-2057","page","type-page","status-publish","hentry"],"yoast_head":"<!-- This site is optimized with the Yoast SEO plugin v24.7 - https:\/\/yoast.com\/wordpress\/plugins\/seo\/ -->\n<title>home z\u00e1loha - EUROPEAN INSTITUTE<\/title>\n<meta name=\"robots\" content=\"index, follow, max-snippet:-1, max-image-preview:large, max-video-preview:-1\" \/>\n<link rel=\"canonical\" href=\"https:\/\/www.european-institute.cz\/en\/home-zaloha\/\" \/>\n<meta property=\"og:locale\" content=\"en_GB\" \/>\n<meta property=\"og:type\" content=\"article\" \/>\n<meta property=\"og:title\" content=\"home z\u00e1loha - EUROPEAN INSTITUTE\" \/>\n<meta property=\"og:url\" content=\"https:\/\/www.european-institute.cz\/en\/home-zaloha\/\" \/>\n<meta property=\"og:site_name\" content=\"EUROPEAN INSTITUTE\" \/>\n<meta name=\"twitter:card\" content=\"summary_large_image\" \/>\n<meta name=\"twitter:label1\" content=\"Estimated reading time\" \/>\n\t<meta name=\"twitter:data1\" content=\"13 minutes\" \/>\n<script type=\"application\/ld+json\" class=\"yoast-schema-graph\">{\"@context\":\"https:\/\/schema.org\",\"@graph\":[{\"@type\":\"WebPage\",\"@id\":\"https:\/\/www.european-institute.cz\/home-zaloha\/\",\"url\":\"https:\/\/www.european-institute.cz\/home-zaloha\/\",\"name\":\"home z\u00e1loha - EUROPEAN INSTITUTE\",\"isPartOf\":{\"@id\":\"https:\/\/www.european-institute.cz\/#website\"},\"datePublished\":\"2019-01-04T21:59:02+00:00\",\"breadcrumb\":{\"@id\":\"https:\/\/www.european-institute.cz\/home-zaloha\/#breadcrumb\"},\"inLanguage\":\"en-GB\",\"potentialAction\":[{\"@type\":\"ReadAction\",\"target\":[\"https:\/\/www.european-institute.cz\/home-zaloha\/\"]}]},{\"@type\":\"BreadcrumbList\",\"@id\":\"https:\/\/www.european-institute.cz\/home-zaloha\/#breadcrumb\",\"itemListElement\":[{\"@type\":\"ListItem\",\"position\":1,\"name\":\"Dom\u016f\",\"item\":\"https:\/\/www.european-institute.cz\/\"},{\"@type\":\"ListItem\",\"position\":2,\"name\":\"home z\u00e1loha\"}]},{\"@type\":\"WebSite\",\"@id\":\"https:\/\/www.european-institute.cz\/#website\",\"url\":\"https:\/\/www.european-institute.cz\/\",\"name\":\"EUROPEAN INSTITUTE\",\"description\":\"\",\"potentialAction\":[{\"@type\":\"SearchAction\",\"target\":{\"@type\":\"EntryPoint\",\"urlTemplate\":\"https:\/\/www.european-institute.cz\/?s={search_term_string}\"},\"query-input\":{\"@type\":\"PropertyValueSpecification\",\"valueRequired\":true,\"valueName\":\"search_term_string\"}}],\"inLanguage\":\"en-GB\"}]}<\/script>\n<!-- \/ Yoast SEO plugin. -->","yoast_head_json":{"title":"home z\u00e1loha - EUROPEAN INSTITUTE","robots":{"index":"index","follow":"follow","max-snippet":"max-snippet:-1","max-image-preview":"max-image-preview:large","max-video-preview":"max-video-preview:-1"},"canonical":"https:\/\/www.european-institute.cz\/en\/home-zaloha\/","og_locale":"en_GB","og_type":"article","og_title":"home z\u00e1loha - EUROPEAN INSTITUTE","og_url":"https:\/\/www.european-institute.cz\/en\/home-zaloha\/","og_site_name":"EUROPEAN INSTITUTE","twitter_card":"summary_large_image","twitter_misc":{"Estimated reading time":"13 minutes"},"schema":{"@context":"https:\/\/schema.org","@graph":[{"@type":"WebPage","@id":"https:\/\/www.european-institute.cz\/home-zaloha\/","url":"https:\/\/www.european-institute.cz\/home-zaloha\/","name":"home z\u00e1loha - EUROPEAN INSTITUTE","isPartOf":{"@id":"https:\/\/www.european-institute.cz\/#website"},"datePublished":"2019-01-04T21:59:02+00:00","breadcrumb":{"@id":"https:\/\/www.european-institute.cz\/home-zaloha\/#breadcrumb"},"inLanguage":"en-GB","potentialAction":[{"@type":"ReadAction","target":["https:\/\/www.european-institute.cz\/home-zaloha\/"]}]},{"@type":"BreadcrumbList","@id":"https:\/\/www.european-institute.cz\/home-zaloha\/#breadcrumb","itemListElement":[{"@type":"ListItem","position":1,"name":"Dom\u016f","item":"https:\/\/www.european-institute.cz\/"},{"@type":"ListItem","position":2,"name":"home z\u00e1loha"}]},{"@type":"WebSite","@id":"https:\/\/www.european-institute.cz\/#website","url":"https:\/\/www.european-institute.cz\/","name":"EUROPEAN INSTITUTE","description":"","potentialAction":[{"@type":"SearchAction","target":{"@type":"EntryPoint","urlTemplate":"https:\/\/www.european-institute.cz\/?s={search_term_string}"},"query-input":{"@type":"PropertyValueSpecification","valueRequired":true,"valueName":"search_term_string"}}],"inLanguage":"en-GB"}]}},"_links":{"self":[{"href":"https:\/\/www.european-institute.cz\/en\/wp-json\/wp\/v2\/pages\/2057","targetHints":{"allow":["GET"]}}],"collection":[{"href":"https:\/\/www.european-institute.cz\/en\/wp-json\/wp\/v2\/pages"}],"about":[{"href":"https:\/\/www.european-institute.cz\/en\/wp-json\/wp\/v2\/types\/page"}],"author":[{"embeddable":true,"href":"https:\/\/www.european-institute.cz\/en\/wp-json\/wp\/v2\/users\/1"}],"replies":[{"embeddable":true,"href":"https:\/\/www.european-institute.cz\/en\/wp-json\/wp\/v2\/comments?post=2057"}],"version-history":[{"count":1,"href":"https:\/\/www.european-institute.cz\/en\/wp-json\/wp\/v2\/pages\/2057\/revisions"}],"predecessor-version":[{"id":2059,"href":"https:\/\/www.european-institute.cz\/en\/wp-json\/wp\/v2\/pages\/2057\/revisions\/2059"}],"wp:attachment":[{"href":"https:\/\/www.european-institute.cz\/en\/wp-json\/wp\/v2\/media?parent=2057"}],"curies":[{"name":"wp","href":"https:\/\/api.w.org\/{rel}","templated":true}]}}