{"id":273,"date":"2017-03-24T06:26:47","date_gmt":"2017-03-24T06:26:47","guid":{"rendered":"http:\/\/demo.themeton.com\/medical\/?page_id=273"},"modified":"2021-12-28T16:54:54","modified_gmt":"2021-12-28T15:54:54","slug":"reference","status":"publish","type":"page","link":"https:\/\/www.european-institute.cz\/en\/domu\/reference\/","title":{"rendered":"References"},"content":{"rendered":"<div class=\"vc_row wpb_row vc_row-fluid\"><div class=\"wpb_column vc_column_container vc_col-sm-3\"><div class=\"vc_column-inner\"><div class=\"wpb_wrapper\"><\/div><\/div><\/div><div class=\"wpb_column vc_column_container vc_col-sm-6\"><div class=\"vc_column-inner\"><div class=\"wpb_wrapper\">\n\t<div class=\"wpb_text_column wpb_content_element\" >\n\t\t<div class=\"wpb_wrapper\">\n\t\t\t<h2 class=\"s9\" style=\"text-align: center;\"><span class=\"s15\" style=\"color: #2d7fc7;\"><span class=\"s15\">Vyj<\/span><span class=\"s15\">\u00e1<\/span><span class=\"s15\">d<\/span><span class=\"s15\">\u0159en\u00ed<\/span><span class=\"s15\"> vybran<\/span><span class=\"s15\">\u00fdch <\/span><span class=\"s15\">absolvent<\/span><span class=\"s15\">\u016f<\/span><\/span><\/h2>\n\n\t\t<\/div>\n\t<\/div>\n<div class=\"vc_separator wpb_content_element vc_separator_align_center vc_sep_width_100 vc_sep_dashed vc_sep_border_width_2 vc_sep_pos_align_center vc_separator_no_text vc_sep_color_black\" ><span class=\"vc_sep_holder vc_sep_holder_l\"><span  class=\"vc_sep_line\"><\/span><\/span><span class=\"vc_sep_holder vc_sep_holder_r\"><span  class=\"vc_sep_line\"><\/span><\/span>\n<\/div><\/div><\/div><\/div><div class=\"wpb_column vc_column_container vc_col-sm-3\"><div class=\"vc_column-inner\"><div class=\"wpb_wrapper\"><\/div><\/div><\/div><\/div><div class=\"vc_row wpb_row vc_row-fluid\"><div class=\"wpb_column vc_column_container vc_col-sm-3\"><div class=\"vc_column-inner\"><div class=\"wpb_wrapper\"><\/div><\/div><\/div><div class=\"wpb_column vc_column_container vc_col-sm-6\"><div class=\"vc_column-inner\"><div class=\"wpb_wrapper\">\n\t<div  class=\"wpb_single_image wpb_content_element vc_align_center  vc_custom_1615793165214\">\n\t\t\n\t\t<figure class=\"wpb_wrapper vc_figure\">\n\t\t\t<div class=\"vc_single_image-wrapper vc_box_circle  vc_box_border_grey\"><img loading=\"lazy\" decoding=\"async\" class=\"vc_single_image-img\" src=\"https:\/\/www.european-institute.cz\/wp-content\/uploads\/2017\/06\/Kop\u010danova-200x200.jpg\" width=\"200\" height=\"200\" alt=\"Kop\u010danova\" title=\"Kop\u010danova\" \/><\/div>\n\t\t<\/figure>\n\t<\/div>\n\n\t<div class=\"wpb_text_column wpb_content_element\" >\n\t\t<div class=\"wpb_wrapper\">\n\t\t\t<h3 class=\"s9\" style=\"text-align: center;\"><span class=\"s15\" style=\"color: #2d7fc7;\">Mgr. Nat\u00e1lia Kop\u010danov\u00e1, MBA (Slovensk\u00e1 republika)<\/span><\/h3>\n<p class=\"s9\" style=\"text-align: center;\"><strong><span class=\"s10\">konatelka spole\u010dnosti Koruna Academy, s.r.o.<\/span><span class=\"s10\"><br \/>\n<\/span><\/strong><\/p>\n<p class=\"s22\" style=\"text-align: center;\">Som ve\u013emi rada,\u017ee som absolvovala kurz MBA v European Institute,ktor\u00fd sa konal v Bratislave. Kurz som vyhrala v s\u00fa\u0165a\u017ei a bola to jedna z najlep\u0161\u00edch v\u00fdhier v \u017eivote. Ako povedal Nelson Mandela &#8222;Vzdelanie je jednou z najsilnej\u0161\u00edch zbran\u00ed,ktorou m\u00f4\u017eeme zmeni\u0165 svet.&#8220; European Institute m\u00e1 skvel\u00fdch lektorov a aj v\u010faka ich poznatkom a sk\u00fasenostiam m\u00f4\u017eeme na\u0161ej spolo\u010dnosti pom\u00f4c\u0165 rozv\u00edja\u0165 mana\u017e\u00e9rske a obchodn\u00e9 strat\u00e9gie.<\/p>\n\n\t\t<\/div>\n\t<\/div>\n<\/div><\/div><\/div><div class=\"wpb_column vc_column_container vc_col-sm-3\"><div class=\"vc_column-inner\"><div class=\"wpb_wrapper\"><\/div><\/div><\/div><\/div><div class=\"vc_row wpb_row vc_row-fluid\"><div class=\"wpb_column vc_column_container vc_col-sm-3\"><div class=\"vc_column-inner\"><div class=\"wpb_wrapper\"><\/div><\/div><\/div><div class=\"wpb_column vc_column_container vc_col-sm-6\"><div class=\"vc_column-inner\"><div class=\"wpb_wrapper\">\n\t<div  class=\"wpb_single_image wpb_content_element vc_align_center  vc_custom_1611313523415\">\n\t\t\n\t\t<figure class=\"wpb_wrapper vc_figure\">\n\t\t\t<div class=\"vc_single_image-wrapper vc_box_circle  vc_box_border_grey\"><img loading=\"lazy\" decoding=\"async\" class=\"vc_single_image-img\" src=\"https:\/\/www.european-institute.cz\/wp-content\/uploads\/2017\/06\/www.european-institute.cz-101.-CSR-11-Promoce-Berchtold-1-138x200.jpg\" width=\"138\" height=\"200\" alt=\"www.european-institute.cz-101.-CSR-11-Promoce-Berchtold-1\" title=\"www.european-institute.cz-101.-CSR-11-Promoce-Berchtold-1\" \/><\/div>\n\t\t<\/figure>\n\t<\/div>\n\n\t<div class=\"wpb_text_column wpb_content_element\" >\n\t\t<div class=\"wpb_wrapper\">\n\t\t\t<h3 class=\"s9\" style=\"text-align: center;\"><span class=\"s15\" style=\"color: #2d7fc7;\">Dagmar Pupalov\u00e1, MBA (Slovensk\u00e1 republika)<\/span><\/h3>\n<p class=\"s9\" style=\"text-align: center;\"><strong><span class=\"s10\">Interior designer<\/span><span class=\"s10\"><br \/>\n<\/span><\/strong><\/p>\n<p class=\"s22\" style=\"text-align: center;\">\u0160t\u00fadium na European Istitute mi poskytol nielen z\u00edskanie titulu L.L.M, \/Master of Law\/, ale aj skvel\u00fa v\u00fdhru\u00a0 &#8222;Voucher na pobyt v Lond\u00fdne&#8220;.<br \/>\nBolo to ako v rozpr\u00e1vke. V n\u00e1dhernom prostred\u00ed z\u00e1mku Berchtold, sa odohrali sl\u00e1vnostn\u00e9 prom\u00f3cie na vysokej \u00farovni. Profesion\u00e1lne zorganizovan\u00fd program a nech\u00fdbal kult\u00farny ve\u010der pln\u00fd skvelej z\u00e1bavy a hudby. Prekvapen\u00edm bol aj zn\u00e1my \u010desk\u00fd hudobn\u00edk a skladate\u013e F\u00e9lix Slov\u00e1\u010dek.<br \/>\nPoukaz, ktor\u00fd som na pobyt do Lond\u00fdna vyhrala bol pre 2 osoby a na 2 noci. Na v\u00fdlet som sa rozhodla, zobra\u0165 moju sestru Miriam, ktor\u00e1 \u0161t\u00fadiom na European Institute z\u00edskala titul M.P.H, \/Master of Public Health\/ a tie\u017e sa z\u00fa\u010dastnila na sl\u00e1vnostnej prom\u00f3cii. Obe sme z\u00edskali diplomy a za odmenu sme mali e\u0161te aj v\u00fdlet do Lond\u00fdna. Lond\u00fdn dobre pozn\u00e1me, sestra dokonca bola s\u00fa\u010da\u0165ou Olympi\u00e1dy v roku 2012, a ja som v Lond\u00fdne \u0161tudovala &#8222;Business English&#8220;. \u010casu nebolo ve\u013ea, bl\u00ed\u017eil sa Brexit a to e\u0161te nikto netu\u0161il, \u017ee svet zasiahne pand\u00e9mia, sme sa rozhodli kona\u0165 r\u00fdchlo. P\u00e1n Vladislav Stanko, majite\u013e European Institute, mi ochotne vy\u0161iel v \u00fastrety s mojou po\u017eiadavkou, \u017ee si let a hotel zabezpe\u010d\u00edm pod\u013ea svojich predst\u00e1v a hodnota\u00a0 &#8222;Voucheru&#8220; mi bude preplaten\u00e1. V Lond\u00fdne sme nav\u0161t\u00edvili niektor\u00e9 kult\u00farne pamiatky, m\u00faze\u00e1, stretli sa s priate\u013emi a pobehali obchody. Na\u0161\u0165astie po\u010dasie n\u00e1m bolo naklonen\u00e9, nebolo typick\u00e9 anglick\u00e9, ale cel\u00fd pobyt n\u00e1m svietilo slnie\u010dko. \u0160tedr\u00fd ve\u010der sme ve\u010derali netradi\u010dne v pube, ale tradi\u010dn\u00e1 ryba &#8220; Fish and Chips&#8220; nesmela na tanieri ch\u00fdba\u0165.\u00a0 Po ve\u010deri sme si na hoteli pod viano\u010dn\u00fdm strom\u010dekom rozbalili dar\u010deky a na da\u013e\u0161\u00ed de\u0148, odlet domov na Slovensko.<br \/>\nVd\u02c7aka \u0161t\u00fadiu na European Institute, som z\u00edskala mnoho sk\u00fasenost\u00ed, z\u00e1\u017eitkov, skvel\u00fdch priate\u013eov, odborn\u00edkov z r\u00f4znych odvetv\u00ed.\u00a0 Vzdel\u00e1vanie na in\u0161tit\u00fate odpor\u00fa\u010dam.<\/p>\n\n\t\t<\/div>\n\t<\/div>\n<\/div><\/div><\/div><div class=\"wpb_column vc_column_container vc_col-sm-3\"><div class=\"vc_column-inner\"><div class=\"wpb_wrapper\"><\/div><\/div><\/div><\/div><div class=\"vc_row wpb_row vc_row-fluid\"><div class=\"wpb_column vc_column_container vc_col-sm-3\"><div class=\"vc_column-inner\"><div class=\"wpb_wrapper\"><\/div><\/div><\/div><div class=\"wpb_column vc_column_container vc_col-sm-6\"><div class=\"vc_column-inner\"><div class=\"wpb_wrapper\">\n\t<div  class=\"wpb_single_image wpb_content_element vc_align_center  vc_custom_1558805936302\">\n\t\t\n\t\t<figure class=\"wpb_wrapper vc_figure\">\n\t\t\t<div class=\"vc_single_image-wrapper vc_box_circle  vc_box_border_grey\"><img loading=\"lazy\" decoding=\"async\" class=\"vc_single_image-img\" src=\"https:\/\/www.european-institute.cz\/wp-content\/uploads\/2019\/05\/www.european-institute.cz-David-Bohbot-200x200.jpg\" width=\"200\" height=\"200\" alt=\"www.european-institute.cz David Bohbot\" title=\"www.european-institute.cz David Bohbot\" \/><\/div>\n\t\t<\/figure>\n\t<\/div>\n\n\t<div class=\"wpb_text_column wpb_content_element\" >\n\t\t<div class=\"wpb_wrapper\">\n\t\t\t<h3 class=\"s9\" style=\"text-align: center;\"><span class=\"s15\" style=\"color: #2d7fc7;\">David Bohbot, MBA (Izrael)<\/span><\/h3>\n<p class=\"s9\" style=\"text-align: center;\"><strong><span class=\"s10\">Izraelsk\u00fd bezpe\u010dnostn<\/span><span class=\"s10\">\u00ed<\/span><span class=\"s10\"> expert, odborn\u00edk a in<\/span><span class=\"s10\">s<\/span><span class=\"s10\">truktor<br \/>\nbojov\u00e9ho um<\/span><span class=\"s10\">\u011b<\/span><span class=\"s10\">n<\/span><span class=\"s10\">\u00ed<\/span><span class=\"s10\"> Krav Maga.<\/span><\/strong><\/p>\n<p class=\"s22\" style=\"text-align: center;\"><span class=\"s10\">Absolvent a lektor EUROPEAN INSTITUTE v o<\/span><span class=\"s10\">bor<\/span><span class=\"s10\">u<\/span><span class=\"s10\"> Crisis and Security Ma<\/span><span class=\"s10\">nagement. Je ofici<\/span><span class=\"s10\">\u00e1ln<\/span><span class=\"s10\">\u00ed<\/span><span class=\"s10\">m konzultant<\/span><span class=\"s10\">e<\/span><span class=\"s10\">m izraelsk<\/span><span class=\"s10\">\u00e9<\/span><span class=\"s10\"> A<\/span><span class=\"s10\">kad<\/span><span class=\"s10\">e<\/span><span class=\"s10\">mie proti terori<\/span><span class=\"s10\">z<\/span><span class=\"s10\">mu, kt<\/span><span class=\"s10\">e<\/span><span class=\"s10\">r\u00e1 \u0161kol\u00ed v\u0161e<\/span><span class=\"s10\">chn<\/span><span class=\"s10\">y elitn<\/span><span class=\"s10\">\u00ed<\/span><span class=\"s10\">jednotky izraelsk<\/span><span class=\"s10\">\u00e9<\/span><span class=\"s10\"> arm\u00e1dy a <\/span><span class=\"s10\">s<\/span><span class=\"s10\">peci\u00e1ln<\/span><span class=\"s10\">\u00ed<\/span><span class=\"s10\"> jednotky z cel\u00e9ho sv<\/span><span class=\"s10\">\u011b<\/span><span class=\"s10\">ta. Je akt\u00edv<\/span><span class=\"s10\">n\u00ed<\/span><span class=\"s10\"> v \u017eidovsk<\/span><span class=\"s10\">\u00e9<\/span><span class=\"s10\"> komunit<\/span><span class=\"s10\">\u011b<\/span><span class=\"s10\">v Pra<\/span><span class=\"s10\">z<\/span><span class=\"s10\">e a m\u00e1 rab\u00ednsky titul.<\/span><\/p>\n<p class=\"s22\" style=\"text-align: center;\"><span class=\"s10\">B<\/span><span class=\"s10\">y<\/span><span class=\"s10\">lo mi c<\/span><span class=\"s10\">t<\/span><span class=\"s10\">\u00ed<\/span><span class=\"s10\"> osobn<\/span><span class=\"s10\">\u011b<\/span> <span class=\"s10\">pozna<\/span><span class=\"s10\">t<\/span><span class=\"s10\"> p\u00e1n<\/span><span class=\"s10\">a Vladislava Stanka, k<\/span><span class=\"s10\">ole<\/span><span class=\"s10\">gu v bezpe\u010dnostn<\/span><span class=\"s10\">\u00ed<\/span><span class=\"s10\"> oblas<\/span><span class=\"s10\">ti, kt<\/span><span class=\"s10\">e<\/span><span class=\"s10\">r\u00fd dok\u00e1zal vybudova<\/span><span class=\"s10\">t <\/span><span class=\"s10\">ve<\/span><span class=\"s10\">l<\/span><span class=\"s10\">mi \u00fasp<\/span><span class=\"s10\">\u011b<\/span><span class=\"s10\">\u0161n\u00fd me<\/span><span class=\"s10\">zin\u00e1<\/span><span class=\"s10\">rodn<\/span><span class=\"s10\">\u00ed<\/span><span class=\"s10\"> in<\/span><span class=\"s10\">s<\/span><span class=\"s10\">tit<\/span><span class=\"s10\">u<\/span><span class=\"s10\">t s progres\u00edvn<\/span><span class=\"s10\">\u00ed<\/span><span class=\"s10\">mi vzd<\/span><span class=\"s10\">\u011b<\/span><span class=\"s10\">l\u00e1vac\u00edmi met<\/span><span class=\"s10\">o<\/span><span class=\"s10\">dami a proklientsk<\/span><span class=\"s10\">\u00fd<\/span><span class=\"s10\">m p<\/span><span class=\"s10\">\u0159<\/span><span class=\"s10\">\u00edstup<\/span><span class=\"s10\">e<\/span><span class=\"s10\">m.<\/span><\/p>\n\n\t\t<\/div>\n\t<\/div>\n<\/div><\/div><\/div><div class=\"wpb_column vc_column_container vc_col-sm-3\"><div class=\"vc_column-inner\"><div class=\"wpb_wrapper\"><\/div><\/div><\/div><\/div><div class=\"vc_row wpb_row vc_row-fluid\"><div class=\"wpb_column vc_column_container vc_col-sm-3\"><div class=\"vc_column-inner\"><div class=\"wpb_wrapper\"><\/div><\/div><\/div><div class=\"wpb_column vc_column_container vc_col-sm-6\"><div class=\"vc_column-inner\"><div class=\"wpb_wrapper\">\n\t<div  class=\"wpb_single_image wpb_content_element vc_align_center  vc_custom_1558805943471\">\n\t\t\n\t\t<figure class=\"wpb_wrapper vc_figure\">\n\t\t\t<div class=\"vc_single_image-wrapper vc_box_circle  vc_box_border_grey\"><img loading=\"lazy\" decoding=\"async\" class=\"vc_single_image-img\" src=\"https:\/\/www.european-institute.cz\/wp-content\/uploads\/2019\/05\/www.european-institute.cz-Katka-Henekova-primatorka-2-200x200.jpg\" width=\"200\" height=\"200\" alt=\"www.european-institute.cz Katka Henekova primatorka 2\" title=\"www.european-institute.cz Katka Henekova primatorka 2\" \/><\/div>\n\t\t<\/figure>\n\t<\/div>\n\n\t<div class=\"wpb_text_column wpb_content_element\" >\n\t\t<div class=\"wpb_wrapper\">\n\t\t\t<h3 class=\"s9\" style=\"text-align: center;\"><span style=\"color: #2d7fc7;\"><span class=\"s23\">JUDr. Katar<\/span><span class=\"s23\">\u00ed<\/span><span class=\"s23\">na Henekov\u00e1<\/span><span class=\"s23\">,<\/span><span class=\"s23\"> MBA<\/span><span class=\"s23\"> (Slovensk\u00e1 republika)<\/span><\/span><\/h3>\n<p class=\"s9\" style=\"text-align: center;\"><strong><span class=\"s24\">Prim\u00e1t<\/span><span class=\"s24\">orka <\/span><span class=\"s24\">m<\/span><span class=\"s24\">e<\/span><span class=\"s24\">sta<\/span> <span class=\"s24\">P\u00fachov<\/span><\/strong><\/p>\n<p class=\"s8\" style=\"text-align: center;\"><span class=\"s24\">&#8222;<\/span><span class=\"s24\">Som rada, \u017ee som sa v ro<\/span><span class=\"s24\">ku <\/span><span class=\"s24\">2018 roz<\/span><span class=\"s24\">hodla \u0161tudova\u0165 v r\u00e1mci \u00a0post<\/span><span class=\"s24\">gradu\u00e1lneho vzdel\u00e1vacieho programu<\/span><span class=\"s24\"> MBA &#8211; Business Management prostredn\u00edctvom EUROPEAN INSTITUTE <\/span><span class=\"s24\">PRAGUE, preto\u017ee toto \u0161t\u00fadium mi uk\u00e1zalo v \u017eivote nov\u00e9 mo\u017enosti, ktor\u00e9 som vyu\u017eila a st\u00e1le vyu\u017e\u00edva<\/span><span class=\"s24\">m vo svojom \u017eivote. Hoci<\/span><span class=\"s24\"> m\u00e1<\/span><span class=\"s24\">m pr\u00e1vni<\/span><span class=\"s24\">ck\u00e9 vzdelanie, rozhodla som sa pre busineess management, a to z d\u00f4vodu, \u017ee ide o \u010fal\u0161iu pre m\u0148a nie moc zn\u00e1mu oblas\u0165, ktor\u00e1 mi v\u0161ak otvorila \u010fal\u0161ie mo\u017enosti v \u017eivote, zv\u00fd\u0161ila kvalifik\u00e1ciu a v neposlednom rade mi pr\u00e1ve abs<\/span><span class=\"s24\">olvovanie tohto \u0161t\u00fadia ve\u013emi pomohl<\/span><span class=\"s24\">o pri predvolebnej kampani do komun\u00e1lnych volieb \u00a02018, v r\u00e1mci ktorej kampane som aplikovala aj poznatky nadobudnut\u00e9 na predn\u00e1\u0161kach lektorov v \u00a0r\u00e1mci EUROPEAN INSTITUTE PRAGUE. \u010eakujem a prajem ve\u013ea \u00faspechov a spokojn\u00fdch<\/span><span class=\"s24\"> a vzdelaniuchtivych z\u00e1ujemcov o \u0161t<\/span><span class=\"s24\">\u00fadium.<\/span><\/p>\n\n\t\t<\/div>\n\t<\/div>\n<\/div><\/div><\/div><div class=\"wpb_column vc_column_container vc_col-sm-3\"><div class=\"vc_column-inner\"><div class=\"wpb_wrapper\"><\/div><\/div><\/div><\/div><div class=\"vc_row wpb_row vc_row-fluid\"><div class=\"wpb_column vc_column_container vc_col-sm-3\"><div class=\"vc_column-inner\"><div class=\"wpb_wrapper\"><\/div><\/div><\/div><div class=\"wpb_column vc_column_container vc_col-sm-6\"><div class=\"vc_column-inner\"><div class=\"wpb_wrapper\">\n\t<div  class=\"wpb_single_image wpb_content_element vc_align_center  vc_custom_1611311586312\">\n\t\t\n\t\t<figure class=\"wpb_wrapper vc_figure\">\n\t\t\t<div class=\"vc_single_image-wrapper vc_box_circle  vc_box_border_grey\"><img loading=\"lazy\" decoding=\"async\" class=\"vc_single_image-img\" src=\"https:\/\/www.european-institute.cz\/wp-content\/uploads\/2017\/06\/20170704_083035-200x200.jpg\" width=\"200\" height=\"200\" alt=\"20170704_083035\" title=\"20170704_083035\" \/><\/div>\n\t\t<\/figure>\n\t<\/div>\n\n\t<div class=\"wpb_text_column wpb_content_element\" >\n\t\t<div class=\"wpb_wrapper\">\n\t\t\t<h3 class=\"s9\" style=\"text-align: center;\"><span style=\"color: #2d7fc7;\"><span class=\"s23\">Miroslav S\u00fdkora<\/span><span class=\"s23\">\u00a0(Slovensk\u00e1 republika)<\/span><\/span><\/h3>\n<p class=\"s9\" style=\"text-align: center;\"><strong><span class=\"s24\">Vedouc\u00ed servisu pro n\u00e1kladn\u00ed vozidla<\/span><\/strong><\/p>\n<p class=\"s8\" style=\"text-align: center;\">Pracujem ako ved\u00faci servisu pre n\u00e1kladn\u00e9 vozidl\u00e1. Predt\u00fdm som dlh\u00e9 roky pracoval ako obchodn\u00edk. T\u00fdm, \u017ee mi bolo umo\u017enen\u00e9 \u0161tudova\u0165 na EUROPEAN INSTITUTE, \u0161t\u00fadijn\u00fd program MBA som sa posunul v pr\u00e1ci \u010falej. Pracujem s \u013eu\u010fmi a ve\u013emi r\u00e1d nov\u00fdch \u013eud\u00ed pozn\u00e1vam. Na predn\u00e1\u0161ky som sa zaka\u017ed\u00fdm\u00a0te\u0161il. Lektori mali v\u017edy pripraven\u00e9 zauj\u00edmav\u00e9 t\u00e9my. Ve\u013emi dobr\u00e1 forma vzdel\u00e1vania. Ten rok ubehol stra\u0161ne r\u00fdchlo. Ka\u017ed\u00e1 predn\u00e1\u0161ka mi dala ve\u013ea nov\u00e9ho. Pr\u00edstup v\u0161etk\u00fdch lektorov hodnot\u00edm, ako ve\u013emi profesion\u00e1lny. Cel\u00e9mu t\u00edmu EUROPEAN INSTITUTE prajem ve\u013ea zdravia a \u00faspechov v \u010fal\u0161ej \u010dinnosti. E\u0161te raz &#8211; \u010fakujem.<\/p>\n\n\t\t<\/div>\n\t<\/div>\n<\/div><\/div><\/div><div class=\"wpb_column vc_column_container vc_col-sm-3\"><div class=\"vc_column-inner\"><div class=\"wpb_wrapper\"><\/div><\/div><\/div><\/div><div class=\"vc_row wpb_row vc_row-fluid\"><div class=\"wpb_column vc_column_container vc_col-sm-3\"><div class=\"vc_column-inner\"><div class=\"wpb_wrapper\"><\/div><\/div><\/div><div class=\"wpb_column vc_column_container vc_col-sm-6\"><div class=\"vc_column-inner\"><div class=\"wpb_wrapper\">\n\t<div  class=\"wpb_single_image wpb_content_element vc_align_center  vc_custom_1596543221875\">\n\t\t\n\t\t<figure class=\"wpb_wrapper vc_figure\">\n\t\t\t<div class=\"vc_single_image-wrapper vc_box_circle  vc_box_border_grey\"><img loading=\"lazy\" decoding=\"async\" class=\"vc_single_image-img\" src=\"https:\/\/www.european-institute.cz\/wp-content\/uploads\/2017\/06\/Kmec-rotated-200x200.jpg\" width=\"200\" height=\"200\" alt=\"Kmec\" title=\"Kmec\" \/><\/div>\n\t\t<\/figure>\n\t<\/div>\n\n\t<div class=\"wpb_text_column wpb_content_element\" >\n\t\t<div class=\"wpb_wrapper\">\n\t\t\t<h3 class=\"s16\" style=\"text-align: center;\"><span style=\"color: #2d7fc7;\"><span class=\"s23\">plk. Mgr. Bc. Luk\u00e1\u0161 Kmec, MBA<\/span><span class=\"s23\"> (\u010cesk\u00e1 republika)<\/span><\/span><\/h3>\n<p style=\"text-align: center;\"><strong>z\u00e1stupce \u0159editele St\u0159edn\u00ed odborn\u00e9 \u0161koly po\u017e\u00e1rn\u00ed ochrany a Vy\u0161\u0161\u00ed odborn\u00e9 \u0161koly po\u017e\u00e1rn\u00ed ochrany<\/strong><br \/>\n<strong>je jedn\u00edm z lektor\u016f EUROPEAN INSTITUTE v Praze.<\/strong><\/p>\n<p class=\"s16\" style=\"text-align: center;\"><span class=\"s24\">Vystudoval L\u00e9ka\u0159skou fak<\/span><span class=\"s24\">ultu Ostravsk\u00e9 univerzity na<\/span><span class=\"s24\"> kated\u0159e urgentn\u00ed medic\u00edny a forenzn\u00edch v\u011bd. Pozd\u011bji studoval na Cevro Institutu v Praze obor Bezpe\u010dnostn\u00ed studia a je tak\u00e9 \u00fasp\u011b\u0161n\u00fdm absolventem mana\u017eersk\u00e9ho postgradu\u00e1ln\u00edho programu <\/span><span class=\"s24\">MBA <\/span><span class=\"s24\">v oblasti Krizov\u00e9ho m<\/span><span class=\"s24\">anagementu<\/span><span class=\"s24\"> na <\/span><span class=\"s24\">EUROPE<\/span><span class=\"s24\">AN INSTITUTE<\/span><span class=\"s24\">.<\/span><\/p>\n<p class=\"s16\" style=\"text-align: center;\"><span class=\"s24\">V r\u00e1mci Hasi\u010dsk\u00e9ho z\u00e1chrann\u00e9ho sboru \u010cR p\u016fsobil v n\u011bkolika pozic\u00edch u HZS MSK, pozd\u011bji pak u Z\u00e1chrann\u00e9ho \u00fatvaru HZS \u010cR jako vedouc\u00ed odd\u011blen\u00ed p\u0159\u00edpravy a \u0159\u00edzen\u00ed jednotek. \u00da\u010dastnil se tak\u00e9 jako velitel mezin\u00e1rodn\u00edch mis\u00ed na Ukrajin\u011b, v \u0158ecku, v Bosn\u011b a Hercegovin\u011b nebo t\u0159eba v Mold\u00e1vii. Nyn\u00ed pracuje na pozici z\u00e1stupce \u0159editele SO\u0160 PO a VO\u0160 PO<\/span><span class=\"s24\">. P\u0159edn\u00e1\u0161\u00ed v n\u011bkolika r\u016fzn\u00fdch instituc\u00edch, odborn\u00fdch i specializa\u010dn\u00edch kurzech. V minulosti slou\u017eil n\u011bkolik <\/span><span class=\"s24\">le<\/span><span class=\"s24\">t u 4. brig\u00e1dy rychl\u00e9ho na<\/span><span class=\"s24\">sazen\u00ed A\u010cR, konkr\u00e9tn\u011b u v\u00fdsadkov\u00e9ho praporu v Chrudimi, se kter\u00fdm se \u00fa\u010dastnil mise KFOR v Kosovu.<\/span><\/p>\n<p class=\"s16\" style=\"text-align: center;\"><span class=\"s24\">Oce\u0148uji profesion\u00e1ln\u00ed p\u0159\u00edstup veden\u00ed i t\u00fdmu EUROPEAN INSTITUTE, i proto jsem se po absolvovan\u00ed programu MBA \u2013 Crisis Management rozhodl p\u0159ijat nab\u00eddku ke spol<\/span><span class=\"s24\">upr\u00e1ci v oblasti lektorsk\u00e9 \u010dinnosti.<\/span><\/p>\n\n\t\t<\/div>\n\t<\/div>\n<\/div><\/div><\/div><div class=\"wpb_column vc_column_container vc_col-sm-3\"><div class=\"vc_column-inner\"><div class=\"wpb_wrapper\"><\/div><\/div><\/div><\/div><div class=\"vc_row wpb_row vc_row-fluid\"><div class=\"wpb_column vc_column_container vc_col-sm-3\"><div class=\"vc_column-inner\"><div class=\"wpb_wrapper\"><\/div><\/div><\/div><div class=\"wpb_column vc_column_container vc_col-sm-6\"><div class=\"vc_column-inner\"><div class=\"wpb_wrapper\">\n\t<div  class=\"wpb_single_image wpb_content_element vc_align_center  vc_custom_1558805960587\">\n\t\t\n\t\t<figure class=\"wpb_wrapper vc_figure\">\n\t\t\t<div class=\"vc_single_image-wrapper vc_box_circle  vc_box_border_grey\"><img loading=\"lazy\" decoding=\"async\" class=\"vc_single_image-img\" src=\"https:\/\/www.european-institute.cz\/wp-content\/uploads\/2019\/05\/www.european-institute.cz-Lucian-Besterci-200x200.jpeg\" width=\"200\" height=\"200\" alt=\"www.european-institute.cz Lucian Besterci\" title=\"www.european-institute.cz Lucian Besterci\" \/><\/div>\n\t\t<\/figure>\n\t<\/div>\n\n\t<div class=\"wpb_text_column wpb_content_element\" >\n\t\t<div class=\"wpb_wrapper\">\n\t\t\t<h3 class=\"s9\" style=\"text-align: center;\"><span style=\"color: #2d7fc7;\"><span class=\"s23\">JUDr. Luci\u00e1n Besterci, PhD, LL.M., MBA<\/span> <span class=\"s23\">. (Slovensk\u00e1 republika<\/span><span class=\"s23\"> a Rum<\/span><span class=\"s23\">u<\/span><span class=\"s23\">nsko<\/span><span class=\"s23\">)<\/span><\/span><\/h3>\n<p class=\"s9\" style=\"text-align: center;\"><strong><span class=\"s24\">vrcholov\u00fd mana\u017e\u00e9r p<\/span><span class=\"s24\">\u016f<\/span><span class=\"s24\">sob<\/span><span class=\"s24\">\u00ed<\/span><span class=\"s24\">c<\/span><span class=\"s24\">\u00ed<\/span><span class=\"s24\"> v<\/span><span class=\"s24\">\u00a0<\/span><span class=\"s24\">po<\/span><span class=\"s24\">j<\/span><span class=\"s24\">i<\/span><span class=\"s24\">\u0161<\/span><span class=\"s24\">\u0165ovn<\/span><span class=\"s24\">i<\/span><span class=\"s24\">ctv<\/span><span class=\"s24\">\u00ed<\/span><\/strong><\/p>\n<p class=\"s22\" style=\"text-align: center;\"><span class=\"s24\">Ja<\/span><span class=\"s24\">ko absol<\/span><span class=\"s24\">vent post<\/span><span class=\"s24\">gradu\u00e1l<\/span><span class=\"s24\">n<\/span><span class=\"s24\">\u00ed<\/span><span class=\"s24\">ch <\/span><span class=\"s24\">studi\u00ed program\u016f MBA a LL.M. na<\/span> <span class=\"s24\">EUROPEAN INSTITUTE <\/span><span class=\"s24\">oce\u0148uji pro<\/span><span class=\"s24\">f<\/span><span class=\"s24\">esion\u00e1l<\/span><span class=\"s24\">n<\/span><span class=\"s24\">\u00ed p\u0159\u00edstup <\/span><span class=\"s24\">gener\u00e1ln\u00edho<\/span> <span class=\"s24\">\u0159editele <\/span><span class=\"s24\">p<\/span><span class=\"s24\">a<\/span><span class=\"s24\">na Vladislava Stanka<\/span><span class=\"s24\">, kter\u00fd dok\u00e1zal vybudovat velmi \u00fasp\u011b\u0161n\u00fd mezin\u00e1rodn\u00ed institut s progres\u00edvn\u00edmi vzd\u011bl\u00e1vac\u00edmi metodami a <\/span><span class=\"s24\">\u0161pi\u010dk<\/span><span class=\"s24\">ov\u00fdm t\u00fdme<\/span><span class=\"s24\">m lektor\u016f z<\/span><span class=\"s24\">\u00a0<\/span><span class=\"s24\">praxe <\/span><span class=\"s24\">i akademick\u00e9 p\u016fdy<\/span><span class=\"s24\">.<\/span><\/p>\n<p class=\"s22\" style=\"text-align: center;\"><span class=\"s24\">&#8222;EUROPEAN INSTITUTE mi jako lektorovi umo\u017enil odev<\/span><span class=\"s24\">zd\u00e1vat mana\u017e\u00e9rske zku\u0161enosti \u00fasp\u011b\u0161n\u00fdm odborn<\/span><span class=\"s24\">\u00edk\u016fm z praxe i z ve\u0159ejn\u00e9ho sektoru.&#8220;<\/span><\/p>\n\n\t\t<\/div>\n\t<\/div>\n<\/div><\/div><\/div><div class=\"wpb_column vc_column_container vc_col-sm-3\"><div class=\"vc_column-inner\"><div class=\"wpb_wrapper\"><\/div><\/div><\/div><\/div><div class=\"vc_row wpb_row vc_row-fluid\"><div class=\"wpb_column vc_column_container vc_col-sm-3\"><div class=\"vc_column-inner\"><div class=\"wpb_wrapper\"><\/div><\/div><\/div><div class=\"wpb_column vc_column_container vc_col-sm-6\"><div class=\"vc_column-inner\"><div class=\"wpb_wrapper\">\n\t<div  class=\"wpb_single_image wpb_content_element vc_align_center  vc_custom_1558805969806\">\n\t\t\n\t\t<figure class=\"wpb_wrapper vc_figure\">\n\t\t\t<div class=\"vc_single_image-wrapper vc_box_circle  vc_box_border_grey\"><img loading=\"lazy\" decoding=\"async\" class=\"vc_single_image-img\" src=\"https:\/\/www.european-institute.cz\/wp-content\/uploads\/2019\/05\/www.european-institute.cz-Radovan-Bacik-200x200.jpg\" width=\"200\" height=\"200\" alt=\"www.european-institute.cz Radovan Bacik\" title=\"www.european-institute.cz Radovan Bacik\" \/><\/div>\n\t\t<\/figure>\n\t<\/div>\n\n\t<div class=\"wpb_text_column wpb_content_element\" >\n\t\t<div class=\"wpb_wrapper\">\n\t\t\t<h3 class=\"s9\" style=\"text-align: center;\"><span style=\"color: #2d7fc7;\"><span class=\"s23\">doc. Ph<\/span><span class=\"s23\">Dr. Radovan Ba\u010d\u00edk PhD., MBA, LL.M. (Slovensk\u00e1 republika)<\/span><\/span><\/h3>\n<p style=\"text-align: center;\"><strong>vedouci Katedry marketingu a mezin\u00e1rodn\u00edho obchodu FM PU <\/strong><br \/>\n<strong>\u010dlen Spr\u00e1vn\u00ed rady PU v Pre\u0161ov\u011b a jednatel eXclusive marketing s.r.o.<\/strong><\/p>\n<p class=\"s16\" style=\"text-align: center;\"><span class=\"s24\">J<\/span><span class=\"s24\">sem velice<\/span><span class=\"s24\"> r<\/span><span class=\"s24\">\u00e1d, \u017ee mimo akademi<\/span><span class=\"s24\">ck<\/span><span class=\"s24\">\u00e9<\/span><span class=\"s24\"> p<\/span><span class=\"s24\">\u016f<\/span><span class=\"s24\">dy, m<\/span><span class=\"s24\">\u016f<\/span><span class=\"s24\">\u017e<\/span><span class=\"s24\">u <\/span><span class=\"s24\">od<\/span><span class=\"s24\">e<\/span><span class=\"s24\">vzd\u00e1va<\/span><span class=\"s24\">t<\/span><span class=\"s24\"> sv<\/span><span class=\"s24\">\u00e9 <\/span><span class=\"s24\">znalost<\/span><span class=\"s24\">i z oblasti marketingu, ale <\/span><span class=\"s24\">i<\/span><span class=\"s24\"> samotn<\/span><span class=\"s24\">\u00e9<\/span><span class=\"s24\">podnikate<\/span><span class=\"s24\">l<\/span><span class=\"s24\">sk<\/span><span class=\"s24\">\u00e9<\/span><span class=\"s24\"> \u010dinnosti, pr\u00e1v<\/span><span class=\"s24\">\u011b<\/span><span class=\"s24\"> koleg<\/span><span class=\"s24\">\u016f<\/span><span class=\"s24\">m, kt<\/span><span class=\"s24\">e<\/span><span class=\"s24\">\u0159<\/span><span class=\"s24\">\u00ed <\/span><span class=\"s24\">jsou<\/span><span class=\"s24\"> p<\/span><span class=\"s24\">\u0159<\/span><span class=\"s24\">\u00ednos<\/span><span class=\"s24\">e<\/span><span class=\"s24\">m a oboha<\/span><span class=\"s24\">ce<\/span><span class=\"s24\">n\u00edm <\/span><span class=\"s24\">i<\/span><span class=\"s24\"> pr<\/span><span class=\"s24\">o<\/span><span class=\"s24\"> m<\/span><span class=\"s24\">ne<\/span><span class=\"s24\"> sam\u00e9ho. \u00a0EUROPEAN INSTITUTE vn\u00edm<\/span><span class=\"s24\">\u00e1<\/span><span class=\"s24\">m <\/span><span class=\"s24\">j<\/span><span class=\"s24\">ako modern<\/span><span class=\"s24\">\u00ed<\/span> <span class=\"s24\">a<\/span><span class=\"s24\">\u00a0<\/span><span class=\"s24\">progres\u00edv<\/span><span class=\"s24\">n<\/span><span class=\"s24\">\u00ed <\/span><span class=\"s24\">inst<\/span><span class=\"s24\">ituci<\/span><span class=\"s24\"> skl<\/span><span class=\"s24\">\u00e1<\/span><span class=\"s24\">d<\/span><span class=\"s24\">a<\/span><span class=\"s24\">j<\/span><span class=\"s24\">\u00ed<\/span><span class=\"s24\">c\u00ed<\/span><span class=\"s24\"> s<\/span><span class=\"s24\">e<\/span><span class=\"s24\"> z odborn\u00edk<\/span><span class=\"s24\">\u016f<\/span><span class=\"s24\"> v<\/span><span class=\"s24\">e<\/span><span class=\"s24\"> sv<\/span><span class=\"s24\">\u00e9m<\/span><span class=\"s24\"> obor<\/span><span class=\"s24\">u.<\/span><\/p>\n\n\t\t<\/div>\n\t<\/div>\n<\/div><\/div><\/div><div class=\"wpb_column vc_column_container vc_col-sm-3\"><div class=\"vc_column-inner\"><div class=\"wpb_wrapper\"><\/div><\/div><\/div><\/div><div class=\"vc_row wpb_row vc_row-fluid\"><div class=\"wpb_column vc_column_container vc_col-sm-3\"><div class=\"vc_column-inner\"><div class=\"wpb_wrapper\"><\/div><\/div><\/div><div class=\"wpb_column vc_column_container vc_col-sm-3\"><div class=\"vc_column-inner\"><div class=\"wpb_wrapper\"><\/div><\/div><\/div><\/div>","protected":false},"excerpt":{"rendered":"Vyj\u00e1d\u0159en\u00ed vybran\u00fdch absolvent\u016f Mgr. Nat\u00e1lia Kop\u010danov\u00e1, MBA (Slovensk\u00e1 republika) konatelka spole\u010dnosti Koruna Academy, s.r.o. Som ve\u013emi rada,\u017ee som absolvovala kurz MBA v European Institute,ktor\u00fd sa konal v Bratislave. Kurz som vyhrala v s\u00fa\u0165a\u017ei a bola to jedna z najlep\u0161\u00edch v\u00fdhier ...","protected":false},"author":1,"featured_media":0,"parent":30,"menu_order":0,"comment_status":"closed","ping_status":"closed","template":"","meta":{"footnotes":""},"class_list":["post-273","page","type-page","status-publish","hentry"],"yoast_head":"<!-- This site is optimized with the Yoast SEO plugin v24.7 - https:\/\/yoast.com\/wordpress\/plugins\/seo\/ -->\n<title>Reference - EUROPEAN INSTITUTE<\/title>\n<meta name=\"robots\" content=\"index, follow, max-snippet:-1, max-image-preview:large, max-video-preview:-1\" \/>\n<link rel=\"canonical\" href=\"https:\/\/www.european-institute.cz\/en\/domu\/reference\/\" \/>\n<meta property=\"og:locale\" content=\"en_GB\" \/>\n<meta property=\"og:type\" content=\"article\" \/>\n<meta property=\"og:title\" content=\"Reference - EUROPEAN INSTITUTE\" \/>\n<meta property=\"og:url\" content=\"https:\/\/www.european-institute.cz\/en\/domu\/reference\/\" \/>\n<meta property=\"og:site_name\" content=\"EUROPEAN INSTITUTE\" \/>\n<meta property=\"article:modified_time\" content=\"2021-12-28T15:54:54+00:00\" \/>\n<meta name=\"twitter:card\" content=\"summary_large_image\" \/>\n<meta name=\"twitter:label1\" content=\"Estimated reading time\" \/>\n\t<meta name=\"twitter:data1\" content=\"9 minutes\" \/>\n<script type=\"application\/ld+json\" class=\"yoast-schema-graph\">{\"@context\":\"https:\/\/schema.org\",\"@graph\":[{\"@type\":\"WebPage\",\"@id\":\"https:\/\/www.european-institute.cz\/domu\/reference\/\",\"url\":\"https:\/\/www.european-institute.cz\/domu\/reference\/\",\"name\":\"Reference - EUROPEAN INSTITUTE\",\"isPartOf\":{\"@id\":\"https:\/\/www.european-institute.cz\/#website\"},\"datePublished\":\"2017-03-24T06:26:47+00:00\",\"dateModified\":\"2021-12-28T15:54:54+00:00\",\"breadcrumb\":{\"@id\":\"https:\/\/www.european-institute.cz\/domu\/reference\/#breadcrumb\"},\"inLanguage\":\"en-GB\",\"potentialAction\":[{\"@type\":\"ReadAction\",\"target\":[\"https:\/\/www.european-institute.cz\/domu\/reference\/\"]}]},{\"@type\":\"BreadcrumbList\",\"@id\":\"https:\/\/www.european-institute.cz\/domu\/reference\/#breadcrumb\",\"itemListElement\":[{\"@type\":\"ListItem\",\"position\":1,\"name\":\"Dom\u016f\",\"item\":\"https:\/\/www.european-institute.cz\/\"},{\"@type\":\"ListItem\",\"position\":2,\"name\":\"Dom\u016f\",\"item\":\"https:\/\/www.european-institute.cz\/\"},{\"@type\":\"ListItem\",\"position\":3,\"name\":\"Reference\"}]},{\"@type\":\"WebSite\",\"@id\":\"https:\/\/www.european-institute.cz\/#website\",\"url\":\"https:\/\/www.european-institute.cz\/\",\"name\":\"EUROPEAN INSTITUTE\",\"description\":\"\",\"potentialAction\":[{\"@type\":\"SearchAction\",\"target\":{\"@type\":\"EntryPoint\",\"urlTemplate\":\"https:\/\/www.european-institute.cz\/?s={search_term_string}\"},\"query-input\":{\"@type\":\"PropertyValueSpecification\",\"valueRequired\":true,\"valueName\":\"search_term_string\"}}],\"inLanguage\":\"en-GB\"}]}<\/script>\n<!-- \/ Yoast SEO plugin. -->","yoast_head_json":{"title":"Reference - EUROPEAN INSTITUTE","robots":{"index":"index","follow":"follow","max-snippet":"max-snippet:-1","max-image-preview":"max-image-preview:large","max-video-preview":"max-video-preview:-1"},"canonical":"https:\/\/www.european-institute.cz\/en\/domu\/reference\/","og_locale":"en_GB","og_type":"article","og_title":"Reference - EUROPEAN INSTITUTE","og_url":"https:\/\/www.european-institute.cz\/en\/domu\/reference\/","og_site_name":"EUROPEAN INSTITUTE","article_modified_time":"2021-12-28T15:54:54+00:00","twitter_card":"summary_large_image","twitter_misc":{"Estimated reading time":"9 minutes"},"schema":{"@context":"https:\/\/schema.org","@graph":[{"@type":"WebPage","@id":"https:\/\/www.european-institute.cz\/domu\/reference\/","url":"https:\/\/www.european-institute.cz\/domu\/reference\/","name":"Reference - EUROPEAN INSTITUTE","isPartOf":{"@id":"https:\/\/www.european-institute.cz\/#website"},"datePublished":"2017-03-24T06:26:47+00:00","dateModified":"2021-12-28T15:54:54+00:00","breadcrumb":{"@id":"https:\/\/www.european-institute.cz\/domu\/reference\/#breadcrumb"},"inLanguage":"en-GB","potentialAction":[{"@type":"ReadAction","target":["https:\/\/www.european-institute.cz\/domu\/reference\/"]}]},{"@type":"BreadcrumbList","@id":"https:\/\/www.european-institute.cz\/domu\/reference\/#breadcrumb","itemListElement":[{"@type":"ListItem","position":1,"name":"Dom\u016f","item":"https:\/\/www.european-institute.cz\/"},{"@type":"ListItem","position":2,"name":"Dom\u016f","item":"https:\/\/www.european-institute.cz\/"},{"@type":"ListItem","position":3,"name":"Reference"}]},{"@type":"WebSite","@id":"https:\/\/www.european-institute.cz\/#website","url":"https:\/\/www.european-institute.cz\/","name":"EUROPEAN INSTITUTE","description":"","potentialAction":[{"@type":"SearchAction","target":{"@type":"EntryPoint","urlTemplate":"https:\/\/www.european-institute.cz\/?s={search_term_string}"},"query-input":{"@type":"PropertyValueSpecification","valueRequired":true,"valueName":"search_term_string"}}],"inLanguage":"en-GB"}]}},"_links":{"self":[{"href":"https:\/\/www.european-institute.cz\/en\/wp-json\/wp\/v2\/pages\/273","targetHints":{"allow":["GET"]}}],"collection":[{"href":"https:\/\/www.european-institute.cz\/en\/wp-json\/wp\/v2\/pages"}],"about":[{"href":"https:\/\/www.european-institute.cz\/en\/wp-json\/wp\/v2\/types\/page"}],"author":[{"embeddable":true,"href":"https:\/\/www.european-institute.cz\/en\/wp-json\/wp\/v2\/users\/1"}],"replies":[{"embeddable":true,"href":"https:\/\/www.european-institute.cz\/en\/wp-json\/wp\/v2\/comments?post=273"}],"version-history":[{"count":22,"href":"https:\/\/www.european-institute.cz\/en\/wp-json\/wp\/v2\/pages\/273\/revisions"}],"predecessor-version":[{"id":3531,"href":"https:\/\/www.european-institute.cz\/en\/wp-json\/wp\/v2\/pages\/273\/revisions\/3531"}],"up":[{"embeddable":true,"href":"https:\/\/www.european-institute.cz\/en\/wp-json\/wp\/v2\/pages\/30"}],"wp:attachment":[{"href":"https:\/\/www.european-institute.cz\/en\/wp-json\/wp\/v2\/media?parent=273"}],"curies":[{"name":"wp","href":"https:\/\/api.w.org\/{rel}","templated":true}]}}