{"id":2946,"date":"2019-09-09T23:15:36","date_gmt":"2019-09-09T21:15:36","guid":{"rendered":"https:\/\/www.european-institute.cz\/?page_id=2946"},"modified":"2026-01-28T15:25:55","modified_gmt":"2026-01-28T14:25:55","slug":"study-department","status":"publish","type":"page","link":"https:\/\/www.european-institute.cz\/en\/study-department\/","title":{"rendered":"Study department"},"content":{"rendered":"<div class=\"vc_row wpb_row vc_row-fluid\"><div class=\"wpb_column vc_column_container vc_col-sm-4\"><div class=\"vc_column-inner\"><div class=\"wpb_wrapper\"><h2 style=\"font-size: 30px;text-align: center\" class=\"vc_custom_heading\" >STUDIJN\u00cd ODD\u011aLEN\u00cd PRO CZ<\/h2><\/div><\/div><\/div><div class=\"wpb_column vc_column_container vc_col-sm-4\"><div class=\"vc_column-inner\"><div class=\"wpb_wrapper\"><\/div><\/div><\/div><div class=\"wpb_column vc_column_container vc_col-sm-4\"><div class=\"vc_column-inner\"><div class=\"wpb_wrapper\"><h2 style=\"font-size: 30px;text-align: center\" class=\"vc_custom_heading\" >\u0160TUDIJN\u00c9 ODDELENIE PRE SK<\/h2><\/div><\/div><\/div><\/div><div class=\"vc_row wpb_row vc_row-fluid vc_custom_1554241508448\"><div class=\"wpb_column vc_column_container vc_col-sm-6\"><div class=\"vc_column-inner\"><div class=\"wpb_wrapper\">\n\t<div  class=\"wpb_single_image wpb_content_element vc_align_center\">\n\t\t\n\t\t<figure class=\"wpb_wrapper vc_figure\">\n\t\t\t<div class=\"vc_single_image-wrapper vc_box_shadow_3d  vc_box_border_grey\"><img loading=\"lazy\" decoding=\"async\" class=\"vc_single_image-img\" src=\"https:\/\/www.european-institute.cz\/wp-content\/uploads\/2025\/11\/european-institute-logo-2-e1763663553868.png\" width=\"376\" height=\"283\" alt=\"european institute - logo 2\" title=\"european institute - logo 2\" \/><\/div>\n\t\t<\/figure>\n\t<\/div>\n\n\t<div class=\"wpb_text_column wpb_content_element\" >\n\t\t<div class=\"wpb_wrapper\">\n\t\t\t<h4 style=\"text-align: center;\"><\/h4>\n<h3 style=\"text-align: center;\">Mgr. Jana NOV\u00c1KOV\u00c1<\/h3>\n<p style=\"text-align: center;\">Head\u00a0of\u00a0the\u00a0Study\u00a0Department<strong> (CZ)<\/strong><br \/>\n<strong>GSM:<\/strong> +420\u00a0730\u00a0850\u00a0858<br \/>\n<strong>E-mail:<\/strong>\u00a0<a href=\"mailto:studijni@european-institute.cz\">studijni@european-institute.cz<\/a><\/p>\n\n\t\t<\/div>\n\t<\/div>\n<\/div><\/div><\/div><div class=\"wpb_column vc_column_container vc_col-sm-6\"><div class=\"vc_column-inner\"><div class=\"wpb_wrapper\">\n\t<div  class=\"wpb_single_image wpb_content_element vc_align_center\">\n\t\t\n\t\t<figure class=\"wpb_wrapper vc_figure\">\n\t\t\t<div class=\"vc_single_image-wrapper vc_box_shadow_3d  vc_box_border_grey\"><img loading=\"lazy\" decoding=\"async\" class=\"vc_single_image-img\" src=\"https:\/\/www.european-institute.cz\/wp-content\/uploads\/2025\/12\/SK-studijne-Jozef-Berta-260x300.jpeg\" width=\"260\" height=\"300\" alt=\"SK studijne Jozef Berta\" title=\"SK studijne Jozef Berta\" \/><\/div>\n\t\t<\/figure>\n\t<\/div>\n\n\t<div class=\"wpb_text_column wpb_content_element\" >\n\t\t<div class=\"wpb_wrapper\">\n\t\t\t<h3 style=\"text-align: center;\">Mgr. Ing. Jozef BERTA<\/h3>\n<p style=\"text-align: center;\">Head of the Study Department\u00a0<strong>(SVK)<\/strong><br \/>\n<strong>GSM: \u00a0<\/strong>+421\u00a0948\u00a0850\u00a0858<br \/>\n<strong>E-mail:\u00a0<\/strong><a href=\"mailto:studijne@european-institute.cz\">studijne@european-institute.cz<\/a><\/p>\n\n\t\t<\/div>\n\t<\/div>\n<\/div><\/div><\/div><\/div><div class=\"vc_row wpb_row vc_row-fluid vc_custom_1554241508448\"><div class=\"wpb_column vc_column_container vc_col-sm-6\"><div class=\"vc_column-inner\"><div class=\"wpb_wrapper\">\n\t<div class=\"wpb_text_column wpb_content_element\" >\n\t\t<div class=\"wpb_wrapper\">\n\t\t\t<h4 style=\"text-align: center;\"><span style=\"color: #2d7fc7;\">Ing. Yan BUKHANETS<\/span><\/h4>\n<p style=\"text-align: center;\">Assistant\u00a0 of the Study Department<strong> (CZ)<\/strong><br \/>\n<strong>GSM:<\/strong> +420 730 850 858<br \/>\n<strong>E-mail:<\/strong> <a href=\"mailto:info@european-institute.cz\">info@european-institute.cz<\/a><\/p>\n\n\t\t<\/div>\n\t<\/div>\n<\/div><\/div><\/div><div class=\"wpb_column vc_column_container vc_col-sm-6\"><div class=\"vc_column-inner\"><div class=\"wpb_wrapper\">\n\t<div class=\"wpb_text_column wpb_content_element\" >\n\t\t<div class=\"wpb_wrapper\">\n\t\t\t<h4 style=\"text-align: center;\"><\/h4>\n<p style=\"text-align: center;\">Assistant of the Study Department <strong>(SVK)<\/strong><br \/>\n<strong>GSM: <\/strong>+421 948 850 858<br \/>\n<strong>E-mail: <\/strong><a href=\"mailto:business2@european-institute.cz\">studijne@european-institute.cz<\/a><\/p>\n\n\t\t<\/div>\n\t<\/div>\n<\/div><\/div><\/div><\/div><div class=\"vc_row wpb_row vc_row-fluid vc_custom_1554241508448\"><div class=\"wpb_column vc_column_container vc_col-sm-6\"><div class=\"vc_column-inner\"><div class=\"wpb_wrapper\">\n\t<div class=\"wpb_text_column wpb_content_element\" >\n\t\t<div class=\"wpb_wrapper\">\n\t\t\t<h4 style=\"text-align: center;\"><span style=\"color: #2d7fc7;\"><a href=\"https:\/\/www.european-institute.cz\/wp-content\/uploads\/2026\/01\/EUI-SRB-vedouci-stud.-odd.-Daniela-MARKUSOVA.jpeg\"><img loading=\"lazy\" decoding=\"async\" class=\"alignnone wp-image-4048 size-medium\" src=\"https:\/\/www.european-institute.cz\/wp-content\/uploads\/2026\/01\/EUI-SRB-vedouci-stud.-odd.-Daniela-MARKUSOVA-300x276.jpeg\" alt=\"\" width=\"300\" height=\"276\" srcset=\"https:\/\/www.european-institute.cz\/wp-content\/uploads\/2026\/01\/EUI-SRB-vedouci-stud.-odd.-Daniela-MARKUSOVA-300x276.jpeg 300w, https:\/\/www.european-institute.cz\/wp-content\/uploads\/2026\/01\/EUI-SRB-vedouci-stud.-odd.-Daniela-MARKUSOVA-1024x941.jpeg 1024w, https:\/\/www.european-institute.cz\/wp-content\/uploads\/2026\/01\/EUI-SRB-vedouci-stud.-odd.-Daniela-MARKUSOVA-768x706.jpeg 768w, https:\/\/www.european-institute.cz\/wp-content\/uploads\/2026\/01\/EUI-SRB-vedouci-stud.-odd.-Daniela-MARKUSOVA-1536x1412.jpeg 1536w, https:\/\/www.european-institute.cz\/wp-content\/uploads\/2026\/01\/EUI-SRB-vedouci-stud.-odd.-Daniela-MARKUSOVA-13x12.jpeg 13w, https:\/\/www.european-institute.cz\/wp-content\/uploads\/2026\/01\/EUI-SRB-vedouci-stud.-odd.-Daniela-MARKUSOVA-800x736.jpeg 800w, https:\/\/www.european-institute.cz\/wp-content\/uploads\/2026\/01\/EUI-SRB-vedouci-stud.-odd.-Daniela-MARKUSOVA.jpeg 1600w\" sizes=\"auto, (max-width: 300px) 100vw, 300px\" \/><\/a><\/span><\/h4>\n<h4 style=\"text-align: center;\"><span style=\"color: #2d7fc7;\">Daniela MARKU\u0160OV\u00c1<\/span><\/h4>\n<p style=\"text-align: center;\">Head of the Study Department<strong> (SRB + Balkans)<\/strong><br \/>\n<strong>GSM:<\/strong> + 381 69 1870858<br \/>\n<strong>E-mail:<\/strong>\u00a0<a href=\"mailto:info@european-institute.cz\">studentski@european-institute.cz<\/a><\/p>\n\n\t\t<\/div>\n\t<\/div>\n<\/div><\/div><\/div><div class=\"wpb_column vc_column_container vc_col-sm-6\"><div class=\"vc_column-inner\"><div class=\"wpb_wrapper\">\n\t<div  class=\"wpb_single_image wpb_content_element vc_align_center\">\n\t\t\n\t\t<figure class=\"wpb_wrapper vc_figure\">\n\t\t\t<div class=\"vc_single_image-wrapper   vc_box_border_grey\"><img loading=\"lazy\" decoding=\"async\" class=\"vc_single_image-img\" src=\"https:\/\/www.european-institute.cz\/wp-content\/uploads\/2025\/11\/european-institute-logo-2-e1763663553868-360x283.png\" width=\"360\" height=\"283\" alt=\"european institute - logo 2\" title=\"european institute - logo 2\" \/><\/div>\n\t\t<\/figure>\n\t<\/div>\n\n\t<div class=\"wpb_text_column wpb_content_element\" >\n\t\t<div class=\"wpb_wrapper\">\n\t\t\t<h4 style=\"text-align: center;\"><span style=\"color: #2d7fc7;\">M.D. Marianna BABILIA, MPH, DrPH<\/span><\/h4>\n<p style=\"text-align: center;\">Head of Study Departmentr <strong>(Eastern Europe and Commonwealth of Idependent States)<\/strong><br \/>\n<strong>E-mail: <\/strong><a href=\"mailto:info@european-institute.cz\">education@european-institute.cz<\/a><\/p>\n\n\t\t<\/div>\n\t<\/div>\n<\/div><\/div><\/div><\/div><div class=\"vc_row wpb_row vc_row-fluid vc_custom_1554241508448\"><div class=\"wpb_column vc_column_container vc_col-sm-6\"><div class=\"vc_column-inner\"><div class=\"wpb_wrapper\"><h2 style=\"font-size: 30px;text-align: center\" class=\"vc_custom_heading\" >Business manager<\/h2><\/div><\/div><\/div><div class=\"wpb_column vc_column_container vc_col-sm-6\"><div class=\"vc_column-inner\"><div class=\"wpb_wrapper\"><h2 style=\"font-size: 30px;text-align: center\" class=\"vc_custom_heading\" >Business manager<\/h2><\/div><\/div><\/div><\/div><div class=\"vc_row wpb_row vc_row-fluid vc_custom_1554241508448\"><div class=\"wpb_column vc_column_container vc_col-sm-6\"><div class=\"vc_column-inner\"><div class=\"wpb_wrapper\">\n\t<div  class=\"wpb_single_image wpb_content_element vc_align_center\">\n\t\t\n\t\t<figure class=\"wpb_wrapper vc_figure\">\n\t\t\t<div class=\"vc_single_image-wrapper   vc_box_border_grey\"><img loading=\"lazy\" decoding=\"async\" class=\"vc_single_image-img\" src=\"https:\/\/www.european-institute.cz\/wp-content\/uploads\/2017\/06\/Obr\u00e1zek-WhatsApp-2023-11-25-v-08.45.26_e3fdaddb.jpg\" width=\"232\" height=\"268\" alt=\"Obr\u00e1zek WhatsApp, 2023-11-25 v 08.45.26_e3fdaddb\" title=\"Obr\u00e1zek WhatsApp, 2023-11-25 v 08.45.26_e3fdaddb\" \/><\/div>\n\t\t<\/figure>\n\t<\/div>\n\n\t<div class=\"wpb_text_column wpb_content_element\" >\n\t\t<div class=\"wpb_wrapper\">\n\t\t\t<h4 style=\"text-align: center;\"><span style=\"color: #2d7fc7;\">Mgr. Eva TELLOTE<\/span><\/h4>\n<p style=\"text-align: center;\">Business manager<strong> (CZ)<\/strong><br \/>\n<strong>GSM:<\/strong> +420\u00a0730\u00a0850\u00a0858<br \/>\n<strong>E-mail:<\/strong> <a href=\"mailto:business@european-institute.cz\">business@european-institute.cz<\/a><\/p>\n\n\t\t<\/div>\n\t<\/div>\n<\/div><\/div><\/div><div class=\"wpb_column vc_column_container vc_col-sm-6\"><div class=\"vc_column-inner\"><div class=\"wpb_wrapper\">\n\t<div  class=\"wpb_single_image wpb_content_element vc_align_center\">\n\t\t\n\t\t<figure class=\"wpb_wrapper vc_figure\">\n\t\t\t<div class=\"vc_single_image-wrapper   vc_box_border_grey\"><img loading=\"lazy\" decoding=\"async\" class=\"vc_single_image-img\" src=\"https:\/\/www.european-institute.cz\/wp-content\/uploads\/2017\/06\/IMG_2829-260x300.jpg\" width=\"260\" height=\"300\" alt=\"IMG_2829\" title=\"IMG_2829\" \/><\/div>\n\t\t<\/figure>\n\t<\/div>\n\n\t<div class=\"wpb_text_column wpb_content_element\" >\n\t\t<div class=\"wpb_wrapper\">\n\t\t\t<h4 style=\"text-align: center;\"><span style=\"color: #2d7fc7;\">Mgr. Adriana H\u00c1JKOV\u00c1<\/span><\/h4>\n<p style=\"text-align: center;\">Business manager <strong>(SVK)<\/strong><br \/>\n<strong>GSM: \u00a0<\/strong>+421 908 435 599<br \/>\n<strong>E-mail: <\/strong><a href=\"mailto:business1@european-institute.cz\">business1@european-institute.cz<\/a><\/p>\n\n\t\t<\/div>\n\t<\/div>\n<\/div><\/div><\/div><\/div><div class=\"vc_row wpb_row vc_row-fluid vc_custom_1554241508448\"><div class=\"wpb_column vc_column_container vc_col-sm-6\"><div class=\"vc_column-inner\"><div class=\"wpb_wrapper\"><h2 style=\"font-size: 30px;text-align: center\" class=\"vc_custom_heading\" >Region\u00e1ln\u00ed z\u00e1stupci<\/h2><\/div><\/div><\/div><div class=\"wpb_column vc_column_container vc_col-sm-6\"><div class=\"vc_column-inner\"><div class=\"wpb_wrapper\"><h2 style=\"font-size: 30px;text-align: center\" class=\"vc_custom_heading\" >Region\u00e1lny z\u00e1stupci<\/h2><\/div><\/div><\/div><\/div><div class=\"vc_row wpb_row vc_row-fluid vc_custom_1554241508448\"><div class=\"wpb_column vc_column_container vc_col-sm-6\"><div class=\"vc_column-inner\"><div class=\"wpb_wrapper\">\n\t<div  class=\"wpb_single_image wpb_content_element vc_align_center\">\n\t\t\n\t\t<figure class=\"wpb_wrapper vc_figure\">\n\t\t\t<div class=\"vc_single_image-wrapper   vc_box_border_grey\"><img loading=\"lazy\" decoding=\"async\" class=\"vc_single_image-img\" src=\"https:\/\/www.european-institute.cz\/wp-content\/uploads\/2017\/06\/IMG-20180306-WA0001-\u2014-\u043a\u043e\u043f\u0438\u044f-260x300.jpg\" width=\"260\" height=\"300\" alt=\"IMG-20180306-WA0001 \u2014 \u043a\u043e\u043f\u0438\u044f\" title=\"IMG-20180306-WA0001 \u2014 \u043a\u043e\u043f\u0438\u044f\" \/><\/div>\n\t\t<\/figure>\n\t<\/div>\n\n\t<div class=\"wpb_text_column wpb_content_element\" >\n\t\t<div class=\"wpb_wrapper\">\n\t\t\t<h4 style=\"text-align: center;\"><strong>Praha<\/strong><br \/>\n<span style=\"color: #2d7fc7;\">Ing. Yan BUKHANETS<\/span><br \/>\n<span style=\"font-weight: 400;\">Regional Manager and Educational<br \/>\nCounsellor for the Prague region<\/span><\/h4>\n\n\t\t<\/div>\n\t<\/div>\n\n\t<div  class=\"wpb_single_image wpb_content_element vc_align_center\">\n\t\t\n\t\t<figure class=\"wpb_wrapper vc_figure\">\n\t\t\t<div class=\"vc_single_image-wrapper   vc_box_border_grey\"><img loading=\"lazy\" decoding=\"async\" class=\"vc_single_image-img\" src=\"https:\/\/www.european-institute.cz\/wp-content\/uploads\/2017\/06\/IMG_6998-260x300.jpeg\" width=\"260\" height=\"300\" alt=\"IMG_6998\" title=\"IMG_6998\" \/><\/div>\n\t\t<\/figure>\n\t<\/div>\n\n\t<div class=\"wpb_text_column wpb_content_element\" >\n\t\t<div class=\"wpb_wrapper\">\n\t\t\t<h4 style=\"text-align: center;\"><strong>Praha<\/strong><br \/>\n<span style=\"color: #2d7fc7;\">Kristina GUMROIAN<\/span><br \/>\n<span style=\"font-weight: 400;\">Regional Manager and Educational<br \/>\nCounsellor for the Prague region<\/span><\/h4>\n\n\t\t<\/div>\n\t<\/div>\n\n\t<div  class=\"wpb_single_image wpb_content_element vc_align_center\">\n\t\t\n\t\t<figure class=\"wpb_wrapper vc_figure\">\n\t\t\t<div class=\"vc_single_image-wrapper   vc_box_border_grey\"><img loading=\"lazy\" decoding=\"async\" class=\"vc_single_image-img\" src=\"https:\/\/www.european-institute.cz\/wp-content\/uploads\/2017\/06\/WhatsApp-Image-2021-11-04-at-07.51.50-260x300.jpeg\" width=\"260\" height=\"300\" alt=\"WhatsApp Image 2021-11-04 at 07.51.50\" title=\"WhatsApp Image 2021-11-04 at 07.51.50\" \/><\/div>\n\t\t<\/figure>\n\t<\/div>\n\n\t<div class=\"wpb_text_column wpb_content_element\" >\n\t\t<div class=\"wpb_wrapper\">\n\t\t\t<h4 style=\"text-align: center;\"><strong>Brno<\/strong><br \/>\n<span style=\"color: #2d7fc7;\">Bc. Adam IVANOV, MBA<\/span><br \/>\n<span style=\"font-weight: 400;\">Regional Manager and Educational<br \/>\nCounsellor for the Brno region<\/span><\/h4>\n\n\t\t<\/div>\n\t<\/div>\n\n\t<div  class=\"wpb_single_image wpb_content_element vc_align_center\">\n\t\t\n\t\t<figure class=\"wpb_wrapper vc_figure\">\n\t\t\t<div class=\"vc_single_image-wrapper   vc_box_border_grey\"><img loading=\"lazy\" decoding=\"async\" class=\"vc_single_image-img\" src=\"https:\/\/www.european-institute.cz\/wp-content\/uploads\/2017\/06\/Kmecova2-260x300.jpg\" width=\"260\" height=\"300\" alt=\"Kmecova2\" title=\"Kmecova2\" \/><\/div>\n\t\t<\/figure>\n\t<\/div>\n\n\t<div class=\"wpb_text_column wpb_content_element\" >\n\t\t<div class=\"wpb_wrapper\">\n\t\t\t<h4 style=\"text-align: center;\"><strong>Ostrava<\/strong><br \/>\n<span style=\"color: #2d7fc7;\">Nikola KMECOV\u00c1<\/span><br \/>\n<span style=\"font-weight: 400;\">Regional Manager and Educational<br \/>\nCounsellor for the Ostrava region<\/span><\/h4>\n\n\t\t<\/div>\n\t<\/div>\n\n\t<div  class=\"wpb_single_image wpb_content_element vc_align_center\">\n\t\t\n\t\t<figure class=\"wpb_wrapper vc_figure\">\n\t\t\t<div class=\"vc_single_image-wrapper   vc_box_border_grey\"><img loading=\"lazy\" decoding=\"async\" class=\"vc_single_image-img\" src=\"https:\/\/www.european-institute.cz\/wp-content\/uploads\/2019\/08\/391529-PCODOG-695-260x300.jpg\" width=\"260\" height=\"300\" alt=\"391529-PCODOG-695\" title=\"391529-PCODOG-695\" \/><\/div>\n\t\t<\/figure>\n\t<\/div>\n\n\t<div class=\"wpb_text_column wpb_content_element\" >\n\t\t<div class=\"wpb_wrapper\">\n\t\t\t<h4 style=\"text-align: center;\"><strong>Liberec<\/strong><\/h4>\n<p style=\"text-align: center;\"><span style=\"font-weight: 400;\">Regional Manager and Educational<br \/>\nCounsellor for the Liberec region<\/span><\/p>\n\n\t\t<\/div>\n\t<\/div>\n\n\t<div  class=\"wpb_single_image wpb_content_element vc_align_center\">\n\t\t\n\t\t<figure class=\"wpb_wrapper vc_figure\">\n\t\t\t<div class=\"vc_single_image-wrapper   vc_box_border_grey\"><img loading=\"lazy\" decoding=\"async\" class=\"vc_single_image-img\" src=\"https:\/\/www.european-institute.cz\/wp-content\/uploads\/2017\/06\/IMG_8149-1-260x300.jpg\" width=\"260\" height=\"300\" alt=\"IMG_8149 (1)\" title=\"IMG_8149 (1)\" \/><\/div>\n\t\t<\/figure>\n\t<\/div>\n\n\t<div class=\"wpb_text_column wpb_content_element\" >\n\t\t<div class=\"wpb_wrapper\">\n\t\t\t<h4 style=\"text-align: center;\"><strong>Karlovy vary<\/strong><br \/>\n<span style=\"color: #2d7fc7;\">Jaroslav TYLINGER, MBA<\/span><br \/>\n<span style=\"font-weight: 400;\">Regional Manager and Educational<br \/>\nCounsellor for the Karlovy Vary region<\/span><\/h4>\n\n\t\t<\/div>\n\t<\/div>\n<\/div><\/div><\/div><div class=\"wpb_column vc_column_container vc_col-sm-6\"><div class=\"vc_column-inner\"><div class=\"wpb_wrapper\">\n\t<div  class=\"wpb_single_image wpb_content_element vc_align_center\">\n\t\t\n\t\t<figure class=\"wpb_wrapper vc_figure\">\n\t\t\t<div class=\"vc_single_image-wrapper   vc_box_border_grey\"><img loading=\"lazy\" decoding=\"async\" class=\"vc_single_image-img\" src=\"https:\/\/www.european-institute.cz\/wp-content\/uploads\/2017\/06\/WhatsApp-Image-2023-07-03-at-14.37.57-260x300.jpeg\" width=\"260\" height=\"300\" alt=\"WhatsApp Image 2023-07-03 at 14.37.57\" title=\"WhatsApp Image 2023-07-03 at 14.37.57\" \/><\/div>\n\t\t<\/figure>\n\t<\/div>\n\n\t<div class=\"wpb_text_column wpb_content_element\" >\n\t\t<div class=\"wpb_wrapper\">\n\t\t\t<h4 style=\"text-align: center;\"><strong>Bratislava<\/strong><br \/>\n<span style=\"color: #2d7fc7;\">Eli\u0161ka ORAVEC LUTER\u00c1NOV\u00c1<\/span><br \/>\n<span style=\"font-weight: 400;\">Regional Manager and Educational<br \/>\nCounsellor for the Bratislava region<\/span><\/h4>\n\n\t\t<\/div>\n\t<\/div>\n\n\t<div  class=\"wpb_single_image wpb_content_element vc_align_center\">\n\t\t\n\t\t<figure class=\"wpb_wrapper vc_figure\">\n\t\t\t<div class=\"vc_single_image-wrapper   vc_box_border_grey\"><img loading=\"lazy\" decoding=\"async\" class=\"vc_single_image-img\" src=\"https:\/\/www.european-institute.cz\/wp-content\/uploads\/2019\/08\/391529-PCODOG-695-260x300.jpg\" width=\"260\" height=\"300\" alt=\"391529-PCODOG-695\" title=\"391529-PCODOG-695\" \/><\/div>\n\t\t<\/figure>\n\t<\/div>\n\n\t<div class=\"wpb_text_column wpb_content_element\" >\n\t\t<div class=\"wpb_wrapper\">\n\t\t\t<h4 style=\"text-align: center;\"><strong>Bratislava<\/strong><\/h4>\n<p style=\"text-align: center;\"><span style=\"font-weight: 400;\">Regional Manager and Educational<br \/>\nCounsellor for the Bratislava region<\/span><\/p>\n\n\t\t<\/div>\n\t<\/div>\n\n\t<div  class=\"wpb_single_image wpb_content_element vc_align_center\">\n\t\t\n\t\t<figure class=\"wpb_wrapper vc_figure\">\n\t\t\t<div class=\"vc_single_image-wrapper   vc_box_border_grey\"><img loading=\"lazy\" decoding=\"async\" class=\"vc_single_image-img\" src=\"https:\/\/www.european-institute.cz\/wp-content\/uploads\/2017\/06\/WhatsApp-Image-2021-11-04-at-05.46.14-260x300.jpeg\" width=\"260\" height=\"300\" alt=\"WhatsApp Image 2021-11-04 at 05.46.14\" title=\"WhatsApp Image 2021-11-04 at 05.46.14\" \/><\/div>\n\t\t<\/figure>\n\t<\/div>\n\n\t<div class=\"wpb_text_column wpb_content_element\" >\n\t\t<div class=\"wpb_wrapper\">\n\t\t\t<h4 style=\"text-align: center;\"><strong>\u017dilina<\/strong><br \/>\n<span style=\"color: #2d7fc7;\">Bc. Kristi\u00e1n VI\u0160NAI, MBA<\/span><br \/>\n<span style=\"font-weight: 400;\">Regional Manager and Educational<br \/>\nCounsellor for the \u017dilina region<\/span><\/h4>\n\n\t\t<\/div>\n\t<\/div>\n\n\t<div  class=\"wpb_single_image wpb_content_element vc_align_center\">\n\t\t\n\t\t<figure class=\"wpb_wrapper vc_figure\">\n\t\t\t<div class=\"vc_single_image-wrapper   vc_box_border_grey\"><img loading=\"lazy\" decoding=\"async\" class=\"vc_single_image-img\" src=\"https:\/\/www.european-institute.cz\/wp-content\/uploads\/2019\/08\/391529-PCODOG-695-260x300.jpg\" width=\"260\" height=\"300\" alt=\"391529-PCODOG-695\" title=\"391529-PCODOG-695\" \/><\/div>\n\t\t<\/figure>\n\t<\/div>\n\n\t<div class=\"wpb_text_column wpb_content_element\" >\n\t\t<div class=\"wpb_wrapper\">\n\t\t\t<h4 style=\"text-align: center;\"><strong>Bansk\u00e1 Bystrica<\/strong><br \/>\n<span style=\"color: #2d7fc7;\">Franti\u0161ek JAKUBOV, LL.M.<\/span><br \/>\n<span style=\"font-weight: 400;\">Regional Manager and Educational<br \/>\nCounsellor for the Bansk\u00e1 Bystrica region<\/span><\/h4>\n\n\t\t<\/div>\n\t<\/div>\n\n\t<div  class=\"wpb_single_image wpb_content_element vc_align_center\">\n\t\t\n\t\t<figure class=\"wpb_wrapper vc_figure\">\n\t\t\t<div class=\"vc_single_image-wrapper   vc_box_border_grey\"><img loading=\"lazy\" decoding=\"async\" class=\"vc_single_image-img\" src=\"https:\/\/www.european-institute.cz\/wp-content\/uploads\/2017\/06\/IMG_8337-1-260x300.jpg\" width=\"260\" height=\"300\" alt=\"IMG_8337 (1)\" title=\"IMG_8337 (1)\" \/><\/div>\n\t\t<\/figure>\n\t<\/div>\n\n\t<div class=\"wpb_text_column wpb_content_element\" >\n\t\t<div class=\"wpb_wrapper\">\n\t\t\t<h4 style=\"text-align: center;\"><strong>Pre\u0161ov<\/strong><br \/>\n<span style=\"color: #2d7fc7;\">Mgr. Petronela BROZ\u00c1KOV\u00c1, MBA<\/span><br \/>\n<span style=\"font-weight: 400;\">Regional Manager and Educational<br \/>\nCounsellor for the Pre\u0161ov region<\/span><\/h4>\n\n\t\t<\/div>\n\t<\/div>\n\n\t<div  class=\"wpb_single_image wpb_content_element vc_align_center\">\n\t\t\n\t\t<figure class=\"wpb_wrapper vc_figure\">\n\t\t\t<div class=\"vc_single_image-wrapper   vc_box_border_grey\"><img loading=\"lazy\" decoding=\"async\" class=\"vc_single_image-img\" src=\"https:\/\/www.european-institute.cz\/wp-content\/uploads\/2019\/08\/391529-PCODOG-695-260x300.jpg\" width=\"260\" height=\"300\" alt=\"391529-PCODOG-695\" title=\"391529-PCODOG-695\" \/><\/div>\n\t\t<\/figure>\n\t<\/div>\n\n\t<div class=\"wpb_text_column wpb_content_element\" >\n\t\t<div class=\"wpb_wrapper\">\n\t\t\t<h4 style=\"text-align: center;\"><strong>Ko\u0161ice<\/strong><br \/>\n<span style=\"color: #2d7fc7;\">Mgr. Eva ZUMMEROV\u00c1<\/span><br \/>\n<span style=\"font-weight: 400;\">Regional Manager and Educational<br \/>\nCounsellor for the Ko\u0161ice region<\/span><\/h4>\n\n\t\t<\/div>\n\t<\/div>\n<\/div><\/div><\/div><\/div>","protected":false},"excerpt":{"rendered":"STUDIJN\u00cd ODD\u011aLEN\u00cd PRO CZ\u0160TUDIJN\u00c9 ODDELENIE PRE SK Mgr. Jana NOV\u00c1KOV\u00c1 Head\u00a0of\u00a0the\u00a0Study\u00a0Department (CZ) GSM: +420\u00a0730\u00a0850\u00a0858 E-mail:\u00a0studijni@european-institute.cz Mgr. Ing. Jozef BERTA Head of the Study Department\u00a0(SVK) GSM: \u00a0+421\u00a0948\u00a0850\u00a0858 E-mail:\u00a0studijne@european-institute.cz Ing. Yan BUKHANETS Assistant\u00a0 of the Study Department (CZ) GSM: +420 730 850 ...","protected":false},"author":1,"featured_media":0,"parent":0,"menu_order":0,"comment_status":"closed","ping_status":"closed","template":"","meta":{"footnotes":""},"class_list":["post-2946","page","type-page","status-publish","hentry"],"yoast_head":"<!-- This site is optimized with the Yoast SEO plugin v24.7 - https:\/\/yoast.com\/wordpress\/plugins\/seo\/ -->\n<title>Study department - EUROPEAN INSTITUTE<\/title>\n<meta name=\"robots\" content=\"index, follow, max-snippet:-1, max-image-preview:large, max-video-preview:-1\" \/>\n<link rel=\"canonical\" href=\"https:\/\/www.european-institute.cz\/en\/study-department\/\" \/>\n<meta property=\"og:locale\" content=\"en_GB\" \/>\n<meta property=\"og:type\" content=\"article\" \/>\n<meta property=\"og:title\" content=\"Study department - EUROPEAN INSTITUTE\" \/>\n<meta property=\"og:url\" content=\"https:\/\/www.european-institute.cz\/en\/study-department\/\" \/>\n<meta property=\"og:site_name\" content=\"EUROPEAN INSTITUTE\" \/>\n<meta property=\"article:modified_time\" content=\"2026-01-28T14:25:55+00:00\" \/>\n<meta property=\"og:image\" content=\"https:\/\/www.european-institute.cz\/wp-content\/uploads\/2026\/01\/EUI-SRB-vedouci-stud.-odd.-Daniela-MARKUSOVA-300x276.jpeg\" \/>\n<meta name=\"twitter:card\" content=\"summary_large_image\" \/>\n<meta name=\"twitter:label1\" content=\"Estimated reading time\" \/>\n\t<meta name=\"twitter:data1\" content=\"3 minutes\" \/>\n<script type=\"application\/ld+json\" class=\"yoast-schema-graph\">{\"@context\":\"https:\/\/schema.org\",\"@graph\":[{\"@type\":\"WebPage\",\"@id\":\"https:\/\/www.european-institute.cz\/study-department\/\",\"url\":\"https:\/\/www.european-institute.cz\/study-department\/\",\"name\":\"Study department - EUROPEAN INSTITUTE\",\"isPartOf\":{\"@id\":\"https:\/\/www.european-institute.cz\/#website\"},\"primaryImageOfPage\":{\"@id\":\"https:\/\/www.european-institute.cz\/study-department\/#primaryimage\"},\"image\":{\"@id\":\"https:\/\/www.european-institute.cz\/study-department\/#primaryimage\"},\"thumbnailUrl\":\"https:\/\/www.european-institute.cz\/wp-content\/uploads\/2026\/01\/EUI-SRB-vedouci-stud.-odd.-Daniela-MARKUSOVA-300x276.jpeg\",\"datePublished\":\"2019-09-09T21:15:36+00:00\",\"dateModified\":\"2026-01-28T14:25:55+00:00\",\"breadcrumb\":{\"@id\":\"https:\/\/www.european-institute.cz\/study-department\/#breadcrumb\"},\"inLanguage\":\"en-GB\",\"potentialAction\":[{\"@type\":\"ReadAction\",\"target\":[\"https:\/\/www.european-institute.cz\/study-department\/\"]}]},{\"@type\":\"ImageObject\",\"inLanguage\":\"en-GB\",\"@id\":\"https:\/\/www.european-institute.cz\/study-department\/#primaryimage\",\"url\":\"https:\/\/www.european-institute.cz\/wp-content\/uploads\/2026\/01\/EUI-SRB-vedouci-stud.-odd.-Daniela-MARKUSOVA-300x276.jpeg\",\"contentUrl\":\"https:\/\/www.european-institute.cz\/wp-content\/uploads\/2026\/01\/EUI-SRB-vedouci-stud.-odd.-Daniela-MARKUSOVA-300x276.jpeg\"},{\"@type\":\"BreadcrumbList\",\"@id\":\"https:\/\/www.european-institute.cz\/study-department\/#breadcrumb\",\"itemListElement\":[{\"@type\":\"ListItem\",\"position\":1,\"name\":\"Dom\u016f\",\"item\":\"https:\/\/www.european-institute.cz\/\"},{\"@type\":\"ListItem\",\"position\":2,\"name\":\"Study department\"}]},{\"@type\":\"WebSite\",\"@id\":\"https:\/\/www.european-institute.cz\/#website\",\"url\":\"https:\/\/www.european-institute.cz\/\",\"name\":\"EUROPEAN INSTITUTE\",\"description\":\"\",\"potentialAction\":[{\"@type\":\"SearchAction\",\"target\":{\"@type\":\"EntryPoint\",\"urlTemplate\":\"https:\/\/www.european-institute.cz\/?s={search_term_string}\"},\"query-input\":{\"@type\":\"PropertyValueSpecification\",\"valueRequired\":true,\"valueName\":\"search_term_string\"}}],\"inLanguage\":\"en-GB\"}]}<\/script>\n<!-- \/ Yoast SEO plugin. -->","yoast_head_json":{"title":"Study department - EUROPEAN INSTITUTE","robots":{"index":"index","follow":"follow","max-snippet":"max-snippet:-1","max-image-preview":"max-image-preview:large","max-video-preview":"max-video-preview:-1"},"canonical":"https:\/\/www.european-institute.cz\/en\/study-department\/","og_locale":"en_GB","og_type":"article","og_title":"Study department - EUROPEAN INSTITUTE","og_url":"https:\/\/www.european-institute.cz\/en\/study-department\/","og_site_name":"EUROPEAN INSTITUTE","article_modified_time":"2026-01-28T14:25:55+00:00","og_image":[{"url":"https:\/\/www.european-institute.cz\/wp-content\/uploads\/2026\/01\/EUI-SRB-vedouci-stud.-odd.-Daniela-MARKUSOVA-300x276.jpeg","type":"","width":"","height":""}],"twitter_card":"summary_large_image","twitter_misc":{"Estimated reading time":"3 minutes"},"schema":{"@context":"https:\/\/schema.org","@graph":[{"@type":"WebPage","@id":"https:\/\/www.european-institute.cz\/study-department\/","url":"https:\/\/www.european-institute.cz\/study-department\/","name":"Study department - EUROPEAN INSTITUTE","isPartOf":{"@id":"https:\/\/www.european-institute.cz\/#website"},"primaryImageOfPage":{"@id":"https:\/\/www.european-institute.cz\/study-department\/#primaryimage"},"image":{"@id":"https:\/\/www.european-institute.cz\/study-department\/#primaryimage"},"thumbnailUrl":"https:\/\/www.european-institute.cz\/wp-content\/uploads\/2026\/01\/EUI-SRB-vedouci-stud.-odd.-Daniela-MARKUSOVA-300x276.jpeg","datePublished":"2019-09-09T21:15:36+00:00","dateModified":"2026-01-28T14:25:55+00:00","breadcrumb":{"@id":"https:\/\/www.european-institute.cz\/study-department\/#breadcrumb"},"inLanguage":"en-GB","potentialAction":[{"@type":"ReadAction","target":["https:\/\/www.european-institute.cz\/study-department\/"]}]},{"@type":"ImageObject","inLanguage":"en-GB","@id":"https:\/\/www.european-institute.cz\/study-department\/#primaryimage","url":"https:\/\/www.european-institute.cz\/wp-content\/uploads\/2026\/01\/EUI-SRB-vedouci-stud.-odd.-Daniela-MARKUSOVA-300x276.jpeg","contentUrl":"https:\/\/www.european-institute.cz\/wp-content\/uploads\/2026\/01\/EUI-SRB-vedouci-stud.-odd.-Daniela-MARKUSOVA-300x276.jpeg"},{"@type":"BreadcrumbList","@id":"https:\/\/www.european-institute.cz\/study-department\/#breadcrumb","itemListElement":[{"@type":"ListItem","position":1,"name":"Dom\u016f","item":"https:\/\/www.european-institute.cz\/"},{"@type":"ListItem","position":2,"name":"Study department"}]},{"@type":"WebSite","@id":"https:\/\/www.european-institute.cz\/#website","url":"https:\/\/www.european-institute.cz\/","name":"EUROPEAN INSTITUTE","description":"","potentialAction":[{"@type":"SearchAction","target":{"@type":"EntryPoint","urlTemplate":"https:\/\/www.european-institute.cz\/?s={search_term_string}"},"query-input":{"@type":"PropertyValueSpecification","valueRequired":true,"valueName":"search_term_string"}}],"inLanguage":"en-GB"}]}},"_links":{"self":[{"href":"https:\/\/www.european-institute.cz\/en\/wp-json\/wp\/v2\/pages\/2946","targetHints":{"allow":["GET"]}}],"collection":[{"href":"https:\/\/www.european-institute.cz\/en\/wp-json\/wp\/v2\/pages"}],"about":[{"href":"https:\/\/www.european-institute.cz\/en\/wp-json\/wp\/v2\/types\/page"}],"author":[{"embeddable":true,"href":"https:\/\/www.european-institute.cz\/en\/wp-json\/wp\/v2\/users\/1"}],"replies":[{"embeddable":true,"href":"https:\/\/www.european-institute.cz\/en\/wp-json\/wp\/v2\/comments?post=2946"}],"version-history":[{"count":105,"href":"https:\/\/www.european-institute.cz\/en\/wp-json\/wp\/v2\/pages\/2946\/revisions"}],"predecessor-version":[{"id":4065,"href":"https:\/\/www.european-institute.cz\/en\/wp-json\/wp\/v2\/pages\/2946\/revisions\/4065"}],"wp:attachment":[{"href":"https:\/\/www.european-institute.cz\/en\/wp-json\/wp\/v2\/media?parent=2946"}],"curies":[{"name":"wp","href":"https:\/\/api.w.org\/{rel}","templated":true}]}}