{"id":61,"date":"2017-03-24T03:40:51","date_gmt":"2017-03-24T03:40:51","guid":{"rendered":"http:\/\/demo.themeton.com\/medical\/?page_id=61"},"modified":"2024-06-27T16:13:51","modified_gmt":"2024-06-27T14:13:51","slug":"o-nas","status":"publish","type":"page","link":"https:\/\/www.european-institute.cz\/en\/domu\/o-nas\/","title":{"rendered":"About us"},"content":{"rendered":"<div class=\"vc_row wpb_row vc_row-fluid\"><div class=\"wpb_column vc_column_container vc_col-sm-2\"><div class=\"vc_column-inner\"><div class=\"wpb_wrapper\"><\/div><\/div><\/div><div class=\"wpb_column vc_column_container vc_col-sm-8\"><div class=\"vc_column-inner\"><div class=\"wpb_wrapper\">\n\t<div class=\"wpb_text_column wpb_content_element\" >\n\t\t<div class=\"wpb_wrapper\">\n\t\t\t<div class=\"wpb_text_column wpb_content_element\" style=\"text-align: justify;\">\n<div class=\"wpb_wrapper\" style=\"text-align: justify;\">\n<h1 style=\"text-align: center;\"><b>About us<\/b><\/h1>\n<\/div>\n<\/div>\n\n\t\t<\/div>\n\t<\/div>\n<\/div><\/div><\/div><div class=\"wpb_column vc_column_container vc_col-sm-2\"><div class=\"vc_column-inner\"><div class=\"wpb_wrapper\"><\/div><\/div><\/div><\/div><div class=\"vc_row wpb_row vc_row-fluid\"><div class=\"wpb_column vc_column_container vc_col-sm-2\"><div class=\"vc_column-inner\"><div class=\"wpb_wrapper\"><\/div><\/div><\/div><div class=\"wpb_column vc_column_container vc_col-sm-8\"><div class=\"vc_column-inner\"><div class=\"wpb_wrapper\">\n\t<div class=\"wpb_text_column wpb_content_element\" >\n\t\t<div class=\"wpb_wrapper\">\n\t\t\t<div class=\"wpb_text_column wpb_content_element\" style=\"text-align: justify;\">\n<div class=\"wpb_wrapper\" style=\"text-align: justify;\">\n<p style=\"text-align: center;\" class=\" translation-block\">T. G. Masaryk - the first president of the Czechoslovak Republic:\n\"Don't be afraid or steal.\"<\/p>\n<p style=\"text-align: center;\" class=\" translation-block\">M. R. \u0160tef\u00e1nik - general and founder of the Czechoslovak Republic:\n\"I'll fight myself because I want to fight myself.\"<\/p>\n<\/div>\n<\/div>\n\n\t\t<\/div>\n\t<\/div>\n<\/div><\/div><\/div><div class=\"wpb_column vc_column_container vc_col-sm-2\"><div class=\"vc_column-inner\"><div class=\"wpb_wrapper\"><\/div><\/div><\/div><\/div><div class=\"vc_row wpb_row vc_row-fluid\"><div class=\"wpb_column vc_column_container vc_col-sm-2\"><div class=\"vc_column-inner\"><div class=\"wpb_wrapper\"><\/div><\/div><\/div><div class=\"wpb_column vc_column_container vc_col-sm-8\"><div class=\"vc_column-inner\"><div class=\"wpb_wrapper\">\n\t<div  class=\"wpb_single_image wpb_content_element vc_align_center\">\n\t\t\n\t\t<figure class=\"wpb_wrapper vc_figure\">\n\t\t\t<div class=\"vc_single_image-wrapper vc_box_shadow_3d  vc_box_border_grey\"><img loading=\"lazy\" decoding=\"async\" class=\"vc_single_image-img\" src=\"https:\/\/www.european-institute.cz\/wp-content\/uploads\/2017\/06\/www.european-institute.cz-Konference-v-Senatu-CR-2-766x550.jpg\" width=\"766\" height=\"550\" alt=\"www.european-institute.cz Konference v Senatu CR (2)\" title=\"www.european-institute.cz Konference v Senatu CR (2)\" \/><\/div>\n\t\t<\/figure>\n\t<\/div>\n<\/div><\/div><\/div><div class=\"wpb_column vc_column_container vc_col-sm-2\"><div class=\"vc_column-inner\"><div class=\"wpb_wrapper\"><\/div><\/div><\/div><\/div><div class=\"vc_row wpb_row vc_row-fluid\"><div class=\"wpb_column vc_column_container vc_col-sm-2\"><div class=\"vc_column-inner\"><div class=\"wpb_wrapper\"><\/div><\/div><\/div><div class=\"wpb_column vc_column_container vc_col-sm-8\"><div class=\"vc_column-inner\"><div class=\"wpb_wrapper\">\n\t<div class=\"wpb_text_column wpb_content_element\" >\n\t\t<div class=\"wpb_wrapper\">\n\t\t\t<h2>Do you want to be successful?<\/h2>\n<p><strong>Studujte MBA, MPA, MPH, LL.M a MSc. na EUROPEAN INSTITUTE PRAGUE!<\/strong><\/p>\n<p class=\" translation-block\">EUROPEAN INSTITUTE OF BUSINESS AND PUBLIC EDUCATION from the position of a leading Czech educational institution expanded its organizational unit in the Slovak Republic, Belgrade, Serbia in 2018, and in 2021 plans to launch another new branch outside the EU in Moscow.\nIn addition to educational activities, EUROPEAN INSTITUTE has long and significantly devoted itself to charitable projects, such as support for foundations Help Children NROS and \u010cT, Archa Chantal founded by Chantal Poullain-Pol\u00edvkov\u00e1, Beauty of Miss World 2006 Ta\u0165\u00e1na Gregor Brzobohat\u00e9 (Chefs) and many others. , which are broadcast live on \u010cT and RTVS every year at Prague Castle, sponsorship of the IPCA World Chess Handicap Championship, and long-term support of Czech and Slovak chess.\nOn 28 October 2018, the EUROPEAN INSTITUTE organized an international conference, a reverential act at the grave of President TG Masaryk, a simultaneous VIP chess game with Grandmaster Sergei Movsesian at the TGM Museum in L\u00e1ny, graduate graduations and traditional celebrations of the national holiday of the independent Czechoslovak Republic. clients and partners have prepared an exclusive program for the 100th anniversary at the Semafor Theater - a gala performance \"If a Thousand Clarinets\" starring legendary master Ji\u0159\u00ed Such\u00fd and Jitka Molavcov\u00e1.<\/p>\n\n\t\t<\/div>\n\t<\/div>\n\n\t<div  class=\"wpb_single_image wpb_content_element vc_align_left\">\n\t\t\n\t\t<figure class=\"wpb_wrapper vc_figure\">\n\t\t\t<div class=\"vc_single_image-wrapper vc_box_shadow_3d  vc_box_border_grey\"><img loading=\"lazy\" decoding=\"async\" width=\"940\" height=\"627\" src=\"https:\/\/www.european-institute.cz\/wp-content\/uploads\/2017\/06\/www.european-institute.cz-1-TREBBIA-2019-JakubiskoGottStankoTamila-1024x683.jpg\" class=\"vc_single_image-img attachment-large\" alt=\"\" srcset=\"https:\/\/www.european-institute.cz\/wp-content\/uploads\/2017\/06\/www.european-institute.cz-1-TREBBIA-2019-JakubiskoGottStankoTamila-1024x683.jpg 1024w, https:\/\/www.european-institute.cz\/wp-content\/uploads\/2017\/06\/www.european-institute.cz-1-TREBBIA-2019-JakubiskoGottStankoTamila-300x200.jpg 300w, https:\/\/www.european-institute.cz\/wp-content\/uploads\/2017\/06\/www.european-institute.cz-1-TREBBIA-2019-JakubiskoGottStankoTamila-768x512.jpg 768w, https:\/\/www.european-institute.cz\/wp-content\/uploads\/2017\/06\/www.european-institute.cz-1-TREBBIA-2019-JakubiskoGottStankoTamila-1536x1024.jpg 1536w, https:\/\/www.european-institute.cz\/wp-content\/uploads\/2017\/06\/www.european-institute.cz-1-TREBBIA-2019-JakubiskoGottStankoTamila-2048x1365.jpg 2048w, https:\/\/www.european-institute.cz\/wp-content\/uploads\/2017\/06\/www.european-institute.cz-1-TREBBIA-2019-JakubiskoGottStankoTamila-800x533.jpg 800w\" sizes=\"auto, (max-width: 940px) 100vw, 940px\" \/><\/div>\n\t\t<\/figure>\n\t<\/div>\n\n\t<div class=\"wpb_text_column wpb_content_element\" >\n\t\t<div class=\"wpb_wrapper\">\n\t\t\t<p>Mana\u017ee\u0159i soukrom\u00fdch spole\u010dnost\u00ed, ale i pracovn\u00edci st\u00e1tn\u00ed spr\u00e1vy si mohou obohatit kari\u00e9ru postgradu\u00e1ln\u00edm mana\u017eersk\u00fdm studiem, jeho\u017e absolventi z\u00edsk\u00e1vaj\u00ed tituly MBA (Master of Business Administration), MPA (Master of Public Administration), MPH (Master of Public Health), LL.M. (Master of Laws) a MSc. (Master of Science). Nov\u011b od Od 9\/2020 programy doktoransk\u00e9.\u00a0 DBA &#8211; Doctor of Business Administration je profesn\u011b vzd\u011bl\u00e1vac\u00ed program, kter\u00fd posouv\u00e1 v\u011bdomostn\u00ed la\u0165ku \u00fa\u010dastn\u00edk\u016f na nejvy\u0161\u0161\u00ed mo\u017enou \u00farove\u0148. Formou nadstavby titulu MBA, nebo vysoko\u0161kolsk\u00e9ho vzd\u011bl\u00e1n\u00ed II. stupn\u011b, program \u00fa\u010dastn\u00edk\u016fm poskytuje nadstandardn\u00ed roz\u0161\u00ed\u0159en\u00ed jejich mana\u017eersk\u00fdch znalost\u00ed a dovednost\u00ed. D\u00e1le DPA &#8211; Doctor of Public Administration, DrPH &#8211; Doctor of Public Health a LL.D. -Doctor of Laws.<\/p>\n<p>EUROPEAN INSTITUTE OF BUSINESS AND PUBLIC EDUCATION cooperates not only with international institutions outside the EU, UK, Israel but also with leading universities in the Czech Republic, Slovakia, Poland and issues international certificates to its graduates in cooperation with the certification authority IES - International Education Society London.<\/p>\n\n\t\t<\/div>\n\t<\/div>\n\n\t<div  class=\"wpb_single_image wpb_content_element vc_align_left\">\n\t\t\n\t\t<figure class=\"wpb_wrapper vc_figure\">\n\t\t\t<div class=\"vc_single_image-wrapper vc_box_shadow_3d  vc_box_border_grey\"><img loading=\"lazy\" decoding=\"async\" width=\"683\" height=\"1024\" src=\"https:\/\/www.european-institute.cz\/wp-content\/uploads\/2019\/05\/www.vladostanko.sk-bile-sako-683x1024.jpg\" class=\"vc_single_image-img attachment-large\" alt=\"\" srcset=\"https:\/\/www.european-institute.cz\/wp-content\/uploads\/2019\/05\/www.vladostanko.sk-bile-sako-683x1024.jpg 683w, https:\/\/www.european-institute.cz\/wp-content\/uploads\/2019\/05\/www.vladostanko.sk-bile-sako-200x300.jpg 200w, https:\/\/www.european-institute.cz\/wp-content\/uploads\/2019\/05\/www.vladostanko.sk-bile-sako-768x1152.jpg 768w, https:\/\/www.european-institute.cz\/wp-content\/uploads\/2019\/05\/www.vladostanko.sk-bile-sako.jpg 800w\" sizes=\"auto, (max-width: 683px) 100vw, 683px\" \/><\/div>\n\t\t<\/figure>\n\t<\/div>\n\n\t<div class=\"wpb_text_column wpb_content_element\" >\n\t\t<div class=\"wpb_wrapper\">\n\t\t\t<p><strong>Bc. Ing. Vladislav STANKO, DPA, MBA, LL.M., MSc.<\/strong><br \/>\nZakladatel a Managing\u00a0Director\u00a0for\u00a0EU,\u00a0Serbia\u00a0and\u00a0Russia<br \/>\nEUROPEAN\u00a0INSTITUTE\u00a0OF\u00a0BUSINESS\u00a0AND\u00a0PUBLIC\u00a0EDUCATION\u00a0v\u00a0Praze,\u00a0\u010cR<\/p>\n<p>Vladislav Stanko se narodil v roce 1974 v Ko\u0161\u00edc\u00edch, v nekr\u00e1sn\u011bj\u0161\u00edm m\u011bst\u011b Slovensk\u00e9 republiky.<br \/>\nJe absolventem \u017dilinsk\u00e9 univerzity v \u017diline, fakulty speci\u00e1ln\u00edho in\u017een\u00fdrstv\u00ed, v oboru Bezpe\u010dnostn\u00ed management, absolventem studia DPA, MBA, LL.M. a MSc. s mezin\u00e1rodn\u00edm diplomem IES \u2013 London a moment\u00e1ln\u011b extern\u00edm doktorandem na Fakult\u011b managementu Pre\u0161ovsk\u00e9 univerzity v Pre\u0161ove v oboru Management (Ph.D.).<br \/>\nVladislav Stanko je Managing\u00a0Director EUROPEAN INSTITUTE v Praze a vedouc\u00edm organiza\u010dn\u00ed slo\u017eky EUROPEAN INSTITUTE v \u017diline. Je p\u0159edseda klubu Spolo\u010dnosti Gener\u00e1la Milana Rastislava \u0160TEF\u00c1NIKA v Praze. Je \u010dlenem bezpe\u010dnostn\u00ed sekce Hospod\u00e1\u0159sk\u00e9 komory \u010cesk\u00e9 republiky, \u010dlenem vzd\u011bl\u00e1vac\u00ed sekce Hospod\u00e1\u0159sk\u00e9 komory \u010cesk\u00e9 republiky, \u010dlenem \u010cesk\u00e9 mana\u017eersk\u00e9 asociace \u2013 \u010cMA.<br \/>\nOd prosince 2018 poslanec M\u010c Ko\u0161ice \u2013 Dargovsk\u00fdch hrdinov v Slovensk\u00e9 republice. P\u016fsob\u00ed v komis\u00edch vzd\u011bl\u00e1van\u00ed, kultury, sportu, n\u00e1rodnostn\u00edch men\u0161in, ve\u0159ejn\u00e9ho po\u0159\u00e1dku, \u017eivotn\u00e9ho prost\u0159ed\u00ed a v\u00fdstavby, v rad\u00e1ch \u0161kol a jako kontroln\u00ed org\u00e1n v MRAK, o.z. Medical Rescue Association v Ko\u0161ic\u00edch.<\/p>\n<h3>How long has your company been operating in the market?<\/h3>\n<p>Moje prvn\u00ed spole\u010dnost byla v \u010cR zalo\u017eena zakladatelskou listinou dne 28. 10. 2008 v dob\u011b kulminace sv\u011btov\u00e9 hospod\u00e1\u0159sk\u00e9 krize. Datum byl vybr\u00e1n z\u00e1m\u011brn\u011b, pon\u011bvad\u017e jsme spole\u010dnost, kter\u00e1 ct\u00ed odkaz 1. \u010ceskoslovensk\u00e9 republiky, osobnosti jako prezident T. G. Masaryk, gener\u00e1l M. R. \u0160tef\u00e1nik, Anton\u00edn a Tom\u00e1\u0161 Ba\u0165a a dal\u0161\u00ed, i proto ka\u017ed\u00fdm rokem organizujeme v Muzeu TGM v L\u00e1nech a v divadle SEMAFOR oslavu st\u00e1tn\u00edho sv\u00e1tku \u010cSR. Za jeden\u00e1ct let p\u016fsoben\u00ed v r\u00e1mci facility, security a reality jsme se na trhu etablovali a z\u00edskali v\u00fdznamn\u00e9 klienty jako nap\u0159\u00edklad \u010cesk\u00e1 n\u00e1rodn\u00ed banka, Ministerstvo obrany \u010cR, Ministerstvo vnitra \u010cR, N\u00e1rodn\u00ed pam\u00e1tkov\u00fd \u00fastav, St\u00e1tn\u00ed z\u00e1mek Sychrov, Galerie MIRO a mnoho dal\u0161\u00edch.<br \/>\nOd roku 2012 se na\u0161e aktivity zam\u011b\u0159ili na oblast vzd\u011bl\u00e1v\u00e1n\u00ed. Poda\u0159ilo se n\u00e1m vybudovat mezin\u00e1rodn\u00ed EUROPEAN INSTITUTE v Praze, kter\u00fd se specializuje na vzd\u011bl\u00e1van\u00ed podnikatel\u016f, mana\u017eer\u016f komer\u010dn\u00edch subjekt\u016f, ale i p\u0159edstavitel\u016f ve\u0159ejn\u00e9 a st\u00e1tn\u00ed spr\u00e1vy postgradu\u00e1ln\u00edm mana\u017eersk\u00fdm studiem p\u0159ednostn\u011b v oborech pr\u00e1vo, ekonomika, marketing, ekonomick\u00fd, krizov\u00fd a bezpe\u010dnostn\u00ed management. Krom\u011b vzd\u011bl\u00e1vac\u00ed, poradensk\u00e9, publika\u010dn\u00ed a vydavatelsk\u00e9 \u010dinnosti poskytujeme t\u00e9\u017e kvalitn\u00ed mana\u017eersk\u00e9 vzd\u011bl\u00e1v\u00e1n\u00ed v podob\u011b profesn\u00edch kurz\u016f, zkou\u0161ek odborn\u00e9 zp\u016fsobilosti a studia MBA, MPA, MPH, LL.M. a MSc. v kooperaci s mezin\u00e1rodn\u00ed certifika\u010dn\u00ed autoritou IES \u2013 London. Pl\u00e1nujeme realizovat \u017e\u00e1dost na M\u0160MT o akreditaci vysok\u00e9 \u0161koly a studijn\u00edch program\u016f. V sou\u010dasnosti mimo \u010cR p\u016fsob\u00edme i v SR, v Evropsky unii, ale i v Srbsku,\u00a0 a pl\u00e1nujeme dal\u0161\u00ed nov\u00e9 pobo\u010dky.<\/p>\n<p>I hope that one day I will be able to look back and proudly tell about my beginnings and successes.<\/p>\n<p>My secret to success is above all a strong will, responsibility and diligence, the ability to lead and motivate people. You must have a clear vision, mission and, most importantly, a strategy.<\/p>\n\n\t\t<\/div>\n\t<\/div>\n<div class=\"wpb_gallery wpb_content_element vc_clearfix\" ><div class=\"wpb_wrapper\"><div class=\"wpb_gallery_slides wpb_flexslider flexslider_fade flexslider\" data-interval=\"3\" data-flex_fx=\"fade\"><ul class=\"slides\"><li><a class=\"prettyphoto\" href=\"https:\/\/www.european-institute.cz\/wp-content\/uploads\/2019\/05\/www.vladostanko.sk-TREBBIA-vydrazil-obraz-Juraja-Kukuru.jpg\" data-rel=\"prettyPhoto[rel-61-642415467]\"><img loading=\"lazy\" decoding=\"async\" width=\"940\" height=\"627\" src=\"https:\/\/www.european-institute.cz\/wp-content\/uploads\/2019\/05\/www.vladostanko.sk-TREBBIA-vydrazil-obraz-Juraja-Kukuru.jpg\" class=\"attachment-large\" alt=\"\" srcset=\"https:\/\/www.european-institute.cz\/wp-content\/uploads\/2019\/05\/www.vladostanko.sk-TREBBIA-vydrazil-obraz-Juraja-Kukuru.jpg 960w, https:\/\/www.european-institute.cz\/wp-content\/uploads\/2019\/05\/www.vladostanko.sk-TREBBIA-vydrazil-obraz-Juraja-Kukuru-300x200.jpg 300w, https:\/\/www.european-institute.cz\/wp-content\/uploads\/2019\/05\/www.vladostanko.sk-TREBBIA-vydrazil-obraz-Juraja-Kukuru-768x512.jpg 768w, https:\/\/www.european-institute.cz\/wp-content\/uploads\/2019\/05\/www.vladostanko.sk-TREBBIA-vydrazil-obraz-Juraja-Kukuru-800x533.jpg 800w\" sizes=\"auto, (max-width: 940px) 100vw, 940px\" \/><\/a><\/li><li><a class=\"prettyphoto\" href=\"https:\/\/www.european-institute.cz\/wp-content\/uploads\/2019\/05\/TREBBIA-1.jpg\" data-rel=\"prettyPhoto[rel-61-642415467]\"><img loading=\"lazy\" decoding=\"async\" width=\"800\" height=\"504\" src=\"https:\/\/www.european-institute.cz\/wp-content\/uploads\/2019\/05\/TREBBIA-1.jpg\" class=\"attachment-large\" alt=\"\" srcset=\"https:\/\/www.european-institute.cz\/wp-content\/uploads\/2019\/05\/TREBBIA-1.jpg 800w, https:\/\/www.european-institute.cz\/wp-content\/uploads\/2019\/05\/TREBBIA-1-300x189.jpg 300w, https:\/\/www.european-institute.cz\/wp-content\/uploads\/2019\/05\/TREBBIA-1-768x484.jpg 768w\" sizes=\"auto, (max-width: 800px) 100vw, 800px\" \/><\/a><\/li><li><a class=\"prettyphoto\" href=\"https:\/\/www.european-institute.cz\/wp-content\/uploads\/2019\/05\/TREBBIA-2.jpg\" data-rel=\"prettyPhoto[rel-61-642415467]\"><img loading=\"lazy\" decoding=\"async\" width=\"800\" height=\"534\" src=\"https:\/\/www.european-institute.cz\/wp-content\/uploads\/2019\/05\/TREBBIA-2.jpg\" class=\"attachment-large\" alt=\"\" srcset=\"https:\/\/www.european-institute.cz\/wp-content\/uploads\/2019\/05\/TREBBIA-2.jpg 800w, https:\/\/www.european-institute.cz\/wp-content\/uploads\/2019\/05\/TREBBIA-2-300x200.jpg 300w, https:\/\/www.european-institute.cz\/wp-content\/uploads\/2019\/05\/TREBBIA-2-768x513.jpg 768w\" sizes=\"auto, (max-width: 800px) 100vw, 800px\" \/><\/a><\/li><\/ul><\/div><\/div><\/div><\/div><\/div><\/div><div class=\"wpb_column vc_column_container vc_col-sm-2\"><div class=\"vc_column-inner\"><div class=\"wpb_wrapper\"><\/div><\/div><\/div><\/div>","protected":false},"excerpt":{"rendered":"O n\u00e1s T.\u00a0G.\u00a0Masaryk\u00a0\u2013\u00a0prvn\u00ed\u00a0prezident\u00a0\u010ceskoslovensk\u00e9\u00a0republiky: \u201eNeb\u00e1t\u00a0se\u00a0a\u00a0nekr\u00e1st\u201c. M.\u00a0R.\u00a0\u0160tef\u00e1nik\u00a0\u2013\u00a0gener\u00e1l\u00a0a\u00a0zakladatel\u00a0\u010ceskoslovensk\u00e9\u00a0republiky: \u201eJa\u00a0sa\u00a0prebijem,\u00a0lebo\u00a0sa\u00a0prebi\u0165\u00a0chcem\u201c. Chcete\u00a0by\u0165\u00a0\u00faspe\u0161n\u00ed? Studujte MBA, MPA, MPH, LL.M a MSc. na EUROPEAN INSTITUTE PRAGUE! EUROPEAN INSTITUTE OF BUSINESS AND PUBLIC EDUCATION \u00a0z pozice p\u0159edn\u00ed \u010desk\u00e9 vzd\u011bl\u00e1vac\u00ed instituce roz\u0161\u00ed\u0159ila v roce 2018 organiza\u010dn\u00ed slo\u017eku v SR, v ...","protected":false},"author":1,"featured_media":0,"parent":30,"menu_order":0,"comment_status":"closed","ping_status":"closed","template":"","meta":{"footnotes":""},"class_list":["post-61","page","type-page","status-publish","hentry"],"yoast_head":"<!-- This site is optimized with the Yoast SEO plugin v24.7 - https:\/\/yoast.com\/wordpress\/plugins\/seo\/ -->\n<title>O n\u00e1s - EUROPEAN INSTITUTE<\/title>\n<meta name=\"robots\" content=\"index, follow, max-snippet:-1, max-image-preview:large, max-video-preview:-1\" \/>\n<link rel=\"canonical\" href=\"https:\/\/www.european-institute.cz\/en\/domu\/o-nas\/\" \/>\n<meta property=\"og:locale\" content=\"en_GB\" \/>\n<meta property=\"og:type\" content=\"article\" \/>\n<meta property=\"og:title\" content=\"O n\u00e1s - EUROPEAN INSTITUTE\" \/>\n<meta property=\"og:url\" content=\"https:\/\/www.european-institute.cz\/en\/domu\/o-nas\/\" \/>\n<meta property=\"og:site_name\" content=\"EUROPEAN INSTITUTE\" \/>\n<meta property=\"article:modified_time\" content=\"2024-06-27T14:13:51+00:00\" \/>\n<meta name=\"twitter:card\" content=\"summary_large_image\" \/>\n<meta name=\"twitter:label1\" content=\"Estimated reading time\" \/>\n\t<meta name=\"twitter:data1\" content=\"6 minutes\" \/>\n<script type=\"application\/ld+json\" class=\"yoast-schema-graph\">{\"@context\":\"https:\/\/schema.org\",\"@graph\":[{\"@type\":\"WebPage\",\"@id\":\"https:\/\/www.european-institute.cz\/domu\/o-nas\/\",\"url\":\"https:\/\/www.european-institute.cz\/domu\/o-nas\/\",\"name\":\"O n\u00e1s - EUROPEAN INSTITUTE\",\"isPartOf\":{\"@id\":\"https:\/\/www.european-institute.cz\/#website\"},\"datePublished\":\"2017-03-24T03:40:51+00:00\",\"dateModified\":\"2024-06-27T14:13:51+00:00\",\"breadcrumb\":{\"@id\":\"https:\/\/www.european-institute.cz\/domu\/o-nas\/#breadcrumb\"},\"inLanguage\":\"en-GB\",\"potentialAction\":[{\"@type\":\"ReadAction\",\"target\":[\"https:\/\/www.european-institute.cz\/domu\/o-nas\/\"]}]},{\"@type\":\"BreadcrumbList\",\"@id\":\"https:\/\/www.european-institute.cz\/domu\/o-nas\/#breadcrumb\",\"itemListElement\":[{\"@type\":\"ListItem\",\"position\":1,\"name\":\"Dom\u016f\",\"item\":\"https:\/\/www.european-institute.cz\/\"},{\"@type\":\"ListItem\",\"position\":2,\"name\":\"Dom\u016f\",\"item\":\"https:\/\/www.european-institute.cz\/\"},{\"@type\":\"ListItem\",\"position\":3,\"name\":\"O n\u00e1s\"}]},{\"@type\":\"WebSite\",\"@id\":\"https:\/\/www.european-institute.cz\/#website\",\"url\":\"https:\/\/www.european-institute.cz\/\",\"name\":\"EUROPEAN INSTITUTE\",\"description\":\"\",\"potentialAction\":[{\"@type\":\"SearchAction\",\"target\":{\"@type\":\"EntryPoint\",\"urlTemplate\":\"https:\/\/www.european-institute.cz\/?s={search_term_string}\"},\"query-input\":{\"@type\":\"PropertyValueSpecification\",\"valueRequired\":true,\"valueName\":\"search_term_string\"}}],\"inLanguage\":\"en-GB\"}]}<\/script>\n<!-- \/ Yoast SEO plugin. -->","yoast_head_json":{"title":"O n\u00e1s - EUROPEAN INSTITUTE","robots":{"index":"index","follow":"follow","max-snippet":"max-snippet:-1","max-image-preview":"max-image-preview:large","max-video-preview":"max-video-preview:-1"},"canonical":"https:\/\/www.european-institute.cz\/en\/domu\/o-nas\/","og_locale":"en_GB","og_type":"article","og_title":"O n\u00e1s - EUROPEAN INSTITUTE","og_url":"https:\/\/www.european-institute.cz\/en\/domu\/o-nas\/","og_site_name":"EUROPEAN INSTITUTE","article_modified_time":"2024-06-27T14:13:51+00:00","twitter_card":"summary_large_image","twitter_misc":{"Estimated reading time":"6 minutes"},"schema":{"@context":"https:\/\/schema.org","@graph":[{"@type":"WebPage","@id":"https:\/\/www.european-institute.cz\/domu\/o-nas\/","url":"https:\/\/www.european-institute.cz\/domu\/o-nas\/","name":"O n\u00e1s - EUROPEAN INSTITUTE","isPartOf":{"@id":"https:\/\/www.european-institute.cz\/#website"},"datePublished":"2017-03-24T03:40:51+00:00","dateModified":"2024-06-27T14:13:51+00:00","breadcrumb":{"@id":"https:\/\/www.european-institute.cz\/domu\/o-nas\/#breadcrumb"},"inLanguage":"en-GB","potentialAction":[{"@type":"ReadAction","target":["https:\/\/www.european-institute.cz\/domu\/o-nas\/"]}]},{"@type":"BreadcrumbList","@id":"https:\/\/www.european-institute.cz\/domu\/o-nas\/#breadcrumb","itemListElement":[{"@type":"ListItem","position":1,"name":"Dom\u016f","item":"https:\/\/www.european-institute.cz\/"},{"@type":"ListItem","position":2,"name":"Dom\u016f","item":"https:\/\/www.european-institute.cz\/"},{"@type":"ListItem","position":3,"name":"O n\u00e1s"}]},{"@type":"WebSite","@id":"https:\/\/www.european-institute.cz\/#website","url":"https:\/\/www.european-institute.cz\/","name":"EUROPEAN INSTITUTE","description":"","potentialAction":[{"@type":"SearchAction","target":{"@type":"EntryPoint","urlTemplate":"https:\/\/www.european-institute.cz\/?s={search_term_string}"},"query-input":{"@type":"PropertyValueSpecification","valueRequired":true,"valueName":"search_term_string"}}],"inLanguage":"en-GB"}]}},"_links":{"self":[{"href":"https:\/\/www.european-institute.cz\/en\/wp-json\/wp\/v2\/pages\/61","targetHints":{"allow":["GET"]}}],"collection":[{"href":"https:\/\/www.european-institute.cz\/en\/wp-json\/wp\/v2\/pages"}],"about":[{"href":"https:\/\/www.european-institute.cz\/en\/wp-json\/wp\/v2\/types\/page"}],"author":[{"embeddable":true,"href":"https:\/\/www.european-institute.cz\/en\/wp-json\/wp\/v2\/users\/1"}],"replies":[{"embeddable":true,"href":"https:\/\/www.european-institute.cz\/en\/wp-json\/wp\/v2\/comments?post=61"}],"version-history":[{"count":27,"href":"https:\/\/www.european-institute.cz\/en\/wp-json\/wp\/v2\/pages\/61\/revisions"}],"predecessor-version":[{"id":3762,"href":"https:\/\/www.european-institute.cz\/en\/wp-json\/wp\/v2\/pages\/61\/revisions\/3762"}],"up":[{"embeddable":true,"href":"https:\/\/www.european-institute.cz\/en\/wp-json\/wp\/v2\/pages\/30"}],"wp:attachment":[{"href":"https:\/\/www.european-institute.cz\/en\/wp-json\/wp\/v2\/media?parent=61"}],"curies":[{"name":"wp","href":"https:\/\/api.w.org\/{rel}","templated":true}]}}